{"id":23548,"date":"2018-11-02T22:59:57","date_gmt":"2018-11-02T22:59:57","guid":{"rendered":"https:\/\/www.hotelfarol.pt\/pt\/chambres-2\/"},"modified":"2023-03-07T17:23:51","modified_gmt":"2023-03-07T17:23:51","slug":"chambres-2","status":"publish","type":"page","link":"https:\/\/www.hotelfarol.pt\/pt\/chambres-2\/?lang=fr","title":{"rendered":"Chambres"},"content":{"rendered":"\t\t<div data-elementor-type=\"wp-page\" data-elementor-id=\"23548\" class=\"elementor elementor-23548 elementor-17455\">\n\t\t\t\t\t\t<section class=\"elementor-section elementor-top-section elementor-element elementor-element-11a8cb91 elementor-section-boxed elementor-section-height-default elementor-section-height-default\" data-id=\"11a8cb91\" data-element_type=\"section\">\n\t\t\t\t\t\t<div class=\"elementor-container elementor-column-gap-default\">\n\t\t\t\t\t<div class=\"elementor-column elementor-col-100 elementor-top-column elementor-element elementor-element-3ea06ae5\" data-id=\"3ea06ae5\" data-element_type=\"column\">\n\t\t\t<div class=\"elementor-widget-wrap elementor-element-populated\">\n\t\t\t\t\t\t<div class=\"elementor-element elementor-element-1b3b3ac8 elementor-widget elementor-widget-text-editor\" data-id=\"1b3b3ac8\" data-element_type=\"widget\" data-widget_type=\"text-editor.default\">\n\t\t\t\t<div class=\"elementor-widget-container\">\n\t\t\t\t\t\t\t\t\t\n<h2>Services et commodit\u00e9s<\/h2>\n<p>L&#8217;exp\u00e9rience du palais<\/p>\n<h3>Nous vous pr\u00e9sentons<\/h3>\n<ul>\n<li>En face de la plage<\/li>\n<li>Un petit d\u00e9jeuner fabuleux<\/li>\n<li>Wifi gratuit<\/li>\n<li>Climatisation<\/li>\n<li>Am\u00e9nagements<\/li>\n<li>S\u00e8che-cheveux<\/li>\n<li>Service de nettoyage quotidien<\/li>\n<li>R\u00e9ception 24 heures sur 24<\/li>\n<\/ul>\n<h3>Exp\u00e9rience des invit\u00e9s<\/h3>\n<p>Les concierges multilingues des Clefs d&#8217;Or, ainsi que l&#8217;\u00e9quipe charg\u00e9e de l&#8217;exp\u00e9rience des visiteurs, s&#8217;emploient \u00e0 faire de votre s\u00e9jour un moment inoubliable.<\/p>\n<p>\u00c0 votre service 24 heures sur 24, les membres de notre \u00e9quipe exp\u00e9riment\u00e9e peuvent vous aider \u00e0 prendre toutes les dispositions n\u00e9cessaires au quotidien, notamment en ce qui concerne le transport, les r\u00e9servations de restaurants et les billets de th\u00e9\u00e2tre, ainsi que les exp\u00e9riences uniques \u00e0 New York.<\/p>\n<h4>Chambres douillettes<\/h4>\n<h4>Une nourriture exceptionnelle<\/h4>\n<h4>Salle de jeux<\/h4>\n<h4>Bar Boissons<\/h4>\n<p><a title=\"Vue sur le lac\" href=\"https:\/\/gast.vamtam.com\/rooms\/lake-view\/\"> <img fetchpriority=\"high\" decoding=\"async\" src=\"https:\/\/www.hotelfarol.pt\/pt\/wp-content\/uploads\/2019\/06\/Pic-47-420x323.jpg\" srcset=\"data:image\/svg+xml;utf8,&lt;encoded_tag_open \/&gt;svg%20xmlns=\" alt=\"\" width=\"420\" height=\"323\">&#8221; data-srcset=&#8221;https:\/\/www.hotelfarol.pt\/pt\/wp-content\/uploads\/2019\/06\/Pic-47-420&#215;323.jpg 420w, https:\/\/www.hotelfarol.pt\/pt\/wp-content\/uploads\/2019\/06\/Pic-47-630&#215;484.jpg 630w, https:\/\/www.hotelfarol.pt\/pt\/wp-content\/uploads\/2019\/06\/Pic-47-840&#215;646.jpg 840w, https:\/\/www.hotelfarol.pt\/pt\/wp-content\/uploads\/2019\/06\/Pic-47-315&#215;242.jpg 315w&#8221; sizes=&#8221;(min-width : 900px) 50vw, 100vw&#8221; data-attachment-id=&#8221;19828&#8243; data-permalink=&#8221;https:\/\/gast.vamtam.com\/rooms\/lake-view\/pic-47\/&#8221; data-orig-file=&#8221;https:\/\/www.hotelfarol.fr\/fr\/wp-content\/uploads\/2019\/06\/Pic-47.jpg&#8221; data-orig-size=&#8221;1300,800&#8243; data-comments-opened=&#8221;1&#8243; data-image-meta=&#8221;{&#8220;aperture&#8221;:&#8221;0&#8243;,&#8221;credit&#8221;:&#8221;&#8221;,&#8221;camera&#8221;:&#8221;&#8221;,&#8221;caption&#8221;:&#8221;&#8221;,&#8221;created_timestamp&#8221;:&#8221;0&#8243;,&#8221;copyright&#8221;:&#8221;&#8221;,&#8221;focal_length&#8221;:&#8221;0&#8243;,&#8221;iso&#8221;:&#8221;0&#8243;,&#8221;shutter_speed&#8221;:&#8221;0&#8243;,&#8221;title&#8221;:&#8221;&#8221;,&#8221;orientation&#8221;:&#8221;1&#8243;}&#8221; data-image-title=&#8221;Pic-47&#8243; data-image-description=&#8221;&#8221; data-medium-file=&#8221;https:\/\/www.hotelfarol.co.uk\/fr\/wp-content\/uploads\/2019\/06\/Pic-47-600&#215;369.jpg&#8221; data-large-file=&#8221;https:\/\/www.hotelfarol.pt\/pt\/wp-content\/uploads\/2019\/06\/Pic-47-1224&#215;753.jpg&#8221; \/&gt;  vamtam-theme-circle-post  <\/a><\/p>\n<header>\n<h3><a title=\"Vue sur le lac\" href=\"https:\/\/gast.vamtam.com\/rooms\/lake-view\/\">Vue sur le lac<\/a><\/h3>\n<a href=\"https:\/\/gast.vamtam.com\/room-type\/twin-room\/\" rel=\"tag\">Chambre \u00e0 deux lits<\/a><\/header>\n<p>Avec une salle de bains en marbre aux dimensions g\u00e9n\u00e9reuses et des fen\u00eatres allant du sol au plafond et offrant des vues sur la ville, nos chambres de premier ordre sont une maison confortable loin &#8230; A partir de : $142 \/ Nuit <a href=\"https:\/\/gast.vamtam.com\/rooms\/lake-view\/\">V\u00c9RIFIER LA DISPONIBILIT\u00c9<\/a> Vue sur le lac<a title=\"Chambre Queen avec balcon\" href=\"https:\/\/gast.vamtam.com\/rooms\/triple-room\/\"> <img decoding=\"async\" src=\"https:\/\/www.hotelfarol.pt\/pt\/wp-content\/uploads\/2018\/10\/Pic-54-420x323.jpg\" srcset=\"data:image\/svg+xml;utf8,&lt;encoded_tag_open \/&gt;svg%20xmlns=\" alt=\"\" width=\"420\" height=\"323\">&#8221; data-srcset=&#8221;https:\/\/www.hotelfarol.pt\/pt\/wp-content\/uploads\/2018\/10\/Pic-54-420&#215;323.jpg 420w, https:\/\/www.hotelfarol.pt\/pt\/wp-content\/uploads\/2018\/10\/Pic-54-630&#215;484.jpg 630w, https:\/\/www.hotelfarol.pt\/pt\/wp-content\/uploads\/2018\/10\/Pic-54-840&#215;646.jpg 840w, https:\/\/www.hotelfarol.pt\/pt\/wp-content\/uploads\/2018\/10\/Pic-54-315&#215;242.jpg 315w&#8221; sizes=&#8221;(min-width : 900px) 50vw, 100vw&#8221; data-attachment-id=&#8221;19835&#8243; data-permalink=&#8221;https:\/\/gast.vamtam.com\/rooms\/triple-room\/pic-54\/&#8221; data-orig-file=&#8221;https:\/\/www.hotelfarol.fr\/en\/wp-content\/uploads\/2018\/10\/Pic-54.jpg&#8221; data-orig-size=&#8221;1300,800&#8243; data-comments-opened=&#8221;1&#8243; data-image-meta=&#8221;{&#8220;aperture&#8221;:&#8221;0&#8243;,&#8221;credit&#8221;:&#8221;&#8221;,&#8221;camera&#8221;:&#8221;&#8221;,&#8221;caption&#8221;:&#8221;&#8221;,&#8221;created_timestamp&#8221;:&#8221;0&#8243;,&#8221;copyright&#8221;:&#8221;&#8221;,&#8221;focal_length&#8221;:&#8221;0&#8243;,&#8221;iso&#8221;:&#8221;0&#8243;,&#8221;shutter_speed&#8221;:&#8221;0&#8243;,&#8221;title&#8221;:&#8221;&#8221;,&#8221;orientation&#8221;:&#8221;1&#8243;}&#8221; data-image-title=&#8221;Pic-54&#8243; data-image-description=&#8221;&#8221; data-medium-file=&#8221;https:\/\/www.hotelfarol.co.uk\/fr\/wp-content\/uploads\/2018\/10\/Pic-54-600&#215;369.jpg&#8221; data-large-file=&#8221;https:\/\/www.hotelfarol.pt\/pt\/wp-content\/uploads\/2018\/10\/Pic-54-1224&#215;753.jpg&#8221; \/&gt;  vamtam-theme-circle-post  <\/a><\/p>\n<header>\n<h3><a title=\"Chambre Queen avec balcon\" href=\"https:\/\/gast.vamtam.com\/rooms\/triple-room\/\">Chambre Queen avec balcon<\/a><\/h3>\n<a href=\"https:\/\/gast.vamtam.com\/room-type\/family-room\/\" rel=\"tag\">Salle familiale<\/a><\/header>\n<p>Avec une salle de bains en marbre aux dimensions g\u00e9n\u00e9reuses et des fen\u00eatres allant du sol au plafond et offrant des vues sur la ville, nos chambres de premier ordre sont une maison confortable loin &#8230; A partir de : $99 \/ Night <a href=\"https:\/\/gast.vamtam.com\/rooms\/triple-room\/\">CHECK AVAILABILITY<\/a> Queen Room Balcony<a title=\"Studio vue mer\" href=\"https:\/\/gast.vamtam.com\/rooms\/studio\/\"> <img decoding=\"async\" src=\"https:\/\/www.hotelfarol.pt\/pt\/wp-content\/uploads\/2018\/10\/Pic-60-420x323.jpg\" srcset=\"data:image\/svg+xml;utf8,&lt;encoded_tag_open \/&gt;svg%20xmlns=\" alt=\"\" width=\"420\" height=\"323\">&#8221; data-srcset=&#8221;https:\/\/www.hotelfarol.pt\/pt\/wp-content\/uploads\/2018\/10\/Pic-60-420&#215;323.jpg 420w, https:\/\/www.hotelfarol.pt\/pt\/wp-content\/uploads\/2018\/10\/Pic-60-630&#215;484.jpg 630w, https:\/\/www.hotelfarol.pt\/pt\/wp-content\/uploads\/2018\/10\/Pic-60-840&#215;646.jpg 840w, https:\/\/www.hotelfarol.pt\/pt\/wp-content\/uploads\/2018\/10\/Pic-60-315&#215;242.jpg 315w&#8221; sizes=&#8221;(min-width : 900px) 50vw, 100vw&#8221; data-attachment-id=&#8221;19844&#8243; data-permalink=&#8221;https:\/\/gast.vamtam.com\/rooms\/studio\/pic-60\/&#8221; data-orig-file=&#8221;https:\/\/www.hotelfarol.fr\/en\/wp-content\/uploads\/2018\/10\/Pic-60.jpg&#8221; data-orig-size=&#8221;1300,800&#8243; data-comments-opened=&#8221;1&#8243; data-image-meta=&#8221;{&#8220;aperture&#8221;:&#8221;0&#8243;,&#8221;credit&#8221;:&#8221;&#8221;,&#8221;camera&#8221;:&#8221;&#8221;,&#8221;caption&#8221;:&#8221;&#8221;,&#8221;created_timestamp&#8221;:&#8221;0&#8243;,&#8221;copyright&#8221;:&#8221;&#8221;,&#8221;focal_length&#8221;:&#8221;0&#8243;,&#8221;iso&#8221;:&#8221;0&#8243;,&#8221;shutter_speed&#8221;:&#8221;0&#8243;,&#8221;title&#8221;:&#8221;&#8221;,&#8221;orientation&#8221;:&#8221;1&#8243;}&#8221; data-image-title=&#8221;Pic-60&#8243; data-image-description=&#8221;&#8221; data-medium-file=&#8221;https:\/\/www.hotelfarol.co.uk\/fr\/wp-content\/uploads\/2018\/10\/Pic-60-600&#215;369.jpg&#8221; data-large-file=&#8221;https:\/\/www.hotelfarol.pt\/pt\/wp-content\/uploads\/2018\/10\/Pic-60-1224&#215;753.jpg&#8221; \/&gt;  vamtam-theme-circle-post  <\/a><\/p>\n<header>\n<h3><a title=\"Studio vue mer\" href=\"https:\/\/gast.vamtam.com\/rooms\/studio\/\">Studio vue mer<\/a><\/h3>\n<a href=\"https:\/\/gast.vamtam.com\/room-type\/premium-room\/\" rel=\"tag\">Chambre Premium<\/a><\/header>\n<p>Avec une salle de bains en marbre aux dimensions g\u00e9n\u00e9reuses et des fen\u00eatres allant du sol au plafond et offrant des vues sur la ville, nos chambres de premier ordre sont une maison confortable loin &#8230; A partir de : $108 \/ Night <a href=\"https:\/\/gast.vamtam.com\/rooms\/studio\/\">CHECK AVAILITY<\/a> Studio Sea View<a title=\"Appartement\" href=\"https:\/\/gast.vamtam.com\/rooms\/apartment\/\"> <img loading=\"lazy\" decoding=\"async\" src=\"https:\/\/www.hotelfarol.pt\/pt\/wp-content\/uploads\/2018\/10\/Pic-62-420x323.jpg\" srcset=\"data:image\/svg+xml;utf8,&lt;encoded_tag_open \/&gt;svg%20xmlns=\" alt=\"\" width=\"420\" height=\"323\">&#8221; data-srcset=&#8221;https:\/\/www.hotelfarol.pt\/pt\/wp-content\/uploads\/2018\/10\/Pic-62-420&#215;323.jpg 420w, https:\/\/www.hotelfarol.pt\/pt\/wp-content\/uploads\/2018\/10\/Pic-62-630&#215;484.jpg 630w, https:\/\/www.hotelfarol.pt\/pt\/wp-content\/uploads\/2018\/10\/Pic-62-840&#215;646.jpg 840w, https:\/\/www.hotelfarol.pt\/pt\/wp-content\/uploads\/2018\/10\/Pic-62-315&#215;242.jpg 315w&#8221; sizes=&#8221;(min-width : 900px) 50vw, 100vw&#8221; data-attachment-id=&#8221;19850&#8243; data-permalink=&#8221;https:\/\/gast.vamtam.com\/rooms\/apartment\/pic-62\/&#8221; data-orig-file=&#8221;https:\/\/www.hotelfarol.fr\/en\/wp-content\/uploads\/2018\/10\/Pic-62.jpg&#8221; data-orig-size=&#8221;1300,800&#8243; data-comments-opened=&#8221;1&#8243; data-image-meta=&#8221;{&#8220;aperture&#8221;:&#8221;0&#8243;,&#8221;credit&#8221;:&#8221;&#8221;,&#8221;camera&#8221;:&#8221;&#8221;,&#8221;caption&#8221;:&#8221;&#8221;,&#8221;created_timestamp&#8221;:&#8221;0&#8243;,&#8221;copyright&#8221;:&#8221;&#8221;,&#8221;focal_length&#8221;:&#8221;0&#8243;,&#8221;iso&#8221;:&#8221;0&#8243;,&#8221;shutter_speed&#8221;:&#8221;0&#8243;,&#8221;title&#8221;:&#8221;&#8221;,&#8221;orientation&#8221;:&#8221;1&#8243;}&#8221; data-image-title=&#8221;Pic-62&#8243; data-image-description=&#8221;&#8221; data-medium-file=&#8221;https:\/\/www.hotelfarol.co.uk\/fr\/wp-content\/uploads\/2018\/10\/Pic-62-600&#215;369.jpg&#8221; data-large-file=&#8221;https:\/\/www.hotelfarol.pt\/pt\/wp-content\/uploads\/2018\/10\/Pic-62-1224&#215;753.jpg&#8221; \/&gt;  vamtam-theme-circle-post  <\/a><\/p>\n<header>\n<h3><a title=\"Appartement\" href=\"https:\/\/gast.vamtam.com\/rooms\/apartment\/\">Appartement<\/a><\/h3>\n<a href=\"https:\/\/gast.vamtam.com\/room-type\/classic-apartment\/\" rel=\"tag\">Appartement classique<\/a><\/header>\n<p>Avec une salle de bains en marbre aux dimensions g\u00e9n\u00e9reuses et des fen\u00eatres allant du sol au plafond et offrant des vues sur la ville, nos chambres de premier ordre sont une maison confortable loin &#8230; A partir de : $160 \/ Nuit <a href=\"https:\/\/gast.vamtam.com\/rooms\/apartment\/\">VERIFIER LA DISPONIBILITE<\/a> Appartement<a title=\"Chambre double vue mer\" href=\"https:\/\/gast.vamtam.com\/rooms\/twin-room\/\"> <img loading=\"lazy\" decoding=\"async\" src=\"https:\/\/www.hotelfarol.pt\/pt\/wp-content\/uploads\/2018\/10\/Pic-08-420x323.jpg\" srcset=\"data:image\/svg+xml;utf8,&lt;encoded_tag_open \/&gt;svg%20xmlns=\" alt=\"\" width=\"420\" height=\"323\">&#8221; data-srcset=&#8221;https:\/\/www.hotelfarol.pt\/pt\/wp-content\/uploads\/2018\/10\/Pic-08-420&#215;323.jpg 420w, https:\/\/www.hotelfarol.pt\/pt\/wp-content\/uploads\/2018\/10\/Pic-08-630&#215;484.jpg 630w, https:\/\/www.hotelfarol.pt\/pt\/wp-content\/uploads\/2018\/10\/Pic-08-315&#215;242.jpg 315w&#8221; sizes=&#8221;(min-width : 900px) 50vw, 100vw&#8221; data-attachment-id=&#8221;17160&#8243; data-permalink=&#8221;https:\/\/gast.vamtam.com\/home-page-3\/pic-08-2\/&#8221; data-orig-file=&#8221;https:\/\/www.hotelfarol.pt\/pt\/wp-content\/uploads\/2018\/10\/Pic-08.jpg&#8221; data-orig-size=&#8221;1200,551&#8243; data-comments-opened=&#8221;1&#8243; data-image-meta=&#8221;{&#8220;aperture&#8221;:&#8221;0&#8243;,&#8221;credit&#8221;:&#8221;&#8221;,&#8221;camera&#8221;:&#8221;&#8221;,&#8221;caption&#8221;:&#8221;&#8221;,&#8221;created_timestamp&#8221;:&#8221;0&#8243;,&#8221;copyright&#8221;:&#8221;&#8221;,&#8221;focal_length&#8221;:&#8221;0&#8243;,&#8221;iso&#8221;:&#8221;0&#8243;,&#8221;shutter_speed&#8221;:&#8221;0&#8243;,&#8221;title&#8221;:&#8221;&#8221;,&#8221;orientation&#8221;:&#8221;1&#8243;}&#8221; data-image-title=&#8221;Pic-08&#8243; data-image-description=&#8221;&#8221; data-medium-file=&#8221;https:\/\/www.hotelfarol.co.uk\/fr\/wp-content\/uploads\/2018\/10\/Pic-08-600&#215;276.jpg&#8221; data-large-file=&#8221;https:\/\/www.hotelfarol.pt\/pt\/wp-content\/uploads\/2018\/10\/Pic-08.jpg&#8221; \/&gt;  vamtam-theme-circle-post  <\/a><\/p>\n<header>\n<h3><a title=\"Chambre double vue mer\" href=\"https:\/\/gast.vamtam.com\/rooms\/twin-room\/\">Chambre double vue mer<\/a><\/h3>\n<a href=\"https:\/\/gast.vamtam.com\/room-type\/twin-room\/\" rel=\"tag\">Chambre \u00e0 deux lits<\/a><\/header>\n<p>Avec une salle de bains en marbre aux dimensions g\u00e9n\u00e9reuses et des fen\u00eatres allant du sol au plafond et offrant des vues sur la ville, nos chambres de premier ordre sont une maison confortable loin &#8230; A partir de : $110 \/ Night <a href=\"https:\/\/gast.vamtam.com\/rooms\/twin-room\/\">CHECK AVAILABILITY<\/a> Twin Room Sea View<a title=\"Balcon de la salle familiale\" href=\"https:\/\/gast.vamtam.com\/rooms\/family-room\/\"> <img loading=\"lazy\" decoding=\"async\" src=\"https:\/\/www.hotelfarol.pt\/pt\/wp-content\/uploads\/2015\/09\/Pic-70-420x323.jpg\" srcset=\"data:image\/svg+xml;utf8,&lt;encoded_tag_open \/&gt;svg%20xmlns=\" alt=\"\" width=\"420\" height=\"323\">&#8221; data-srcset=&#8221;https:\/\/www.hotelfarol.pt\/pt\/wp-content\/uploads\/2015\/09\/Pic-70-420&#215;323.jpg 420w, https:\/\/www.hotelfarol.pt\/pt\/wp-content\/uploads\/2015\/09\/Pic-70-630&#215;484.jpg 630w, https:\/\/www.hotelfarol.pt\/pt\/wp-content\/uploads\/2015\/09\/Pic-70-840&#215;646.jpg 840w, https:\/\/www.hotelfarol.pt\/pt\/wp-content\/uploads\/2015\/09\/Pic-70-315&#215;242.jpg 315w&#8221; sizes=&#8221;(min-width : 900px) 50vw, 100vw&#8221; data-attachment-id=&#8221;19860&#8243; data-permalink=&#8221;https:\/\/gast.vamtam.com\/rooms\/luxury-room\/pic-70\/&#8221; data-orig-file=&#8221;https:\/\/www.hotelfarol.fr\/fr\/wp-content\/uploads\/2015\/09\/Pic-70.jpg&#8221; data-orig-size=&#8221;1300,800&#8243; data-comments-opened=&#8221;1&#8243; data-image-meta=&#8221;{&#8220;aperture&#8221;:&#8221;0&#8243;,&#8221;credit&#8221;:&#8221;&#8221;,&#8221;camera&#8221;:&#8221;&#8221;,&#8221;caption&#8221;:&#8221;&#8221;,&#8221;created_timestamp&#8221;:&#8221;0&#8243;,&#8221;copyright&#8221;:&#8221;&#8221;,&#8221;focal_length&#8221;:&#8221;0&#8243;,&#8221;iso&#8221;:&#8221;0&#8243;,&#8221;shutter_speed&#8221;:&#8221;0&#8243;,&#8221;title&#8221;:&#8221;&#8221;,&#8221;orientation&#8221;:&#8221;1&#8243;}&#8221; data-image-title=&#8221;Pic-70&#8243; data-image-description=&#8221;&#8221; data-medium-file=&#8221;https:\/\/www.hotelfarol.co.uk\/fr\/wp-content\/uploads\/2015\/09\/Pic-70-600&#215;369.jpg&#8221; data-large-file=&#8221;https:\/\/www.hotelfarol.pt\/pt\/wp-content\/uploads\/2015\/09\/Pic-70-1224&#215;753.jpg&#8221; \/&gt;  vamtam-theme-circle-post  <\/a><\/p>\n<header>\n<h3><a title=\"Balcon de la salle familiale\" href=\"https:\/\/gast.vamtam.com\/rooms\/family-room\/\">Balcon de la salle familiale<\/a><\/h3>\n<a href=\"https:\/\/gast.vamtam.com\/room-type\/family-room\/\" rel=\"tag\">Salle familiale<\/a><\/header>\n<p>Avec une salle de bains en marbre aux dimensions g\u00e9n\u00e9reuses et des fen\u00eatres allant du sol au plafond et offrant des vues sur la ville, nos chambres de premier ordre sont une maison confortable loin &#8230; A partir de : $110 \/ Night <a href=\"https:\/\/gast.vamtam.com\/rooms\/family-room\/\">CHECK AVAILABILITY<\/a> Family Room Balcony<a title=\"Chambre de luxe avec balcon\" href=\"https:\/\/gast.vamtam.com\/rooms\/luxury-room\/\"> <img loading=\"lazy\" decoding=\"async\" src=\"https:\/\/www.hotelfarol.pt\/pt\/wp-content\/uploads\/2015\/09\/Pic-72-420x323.jpg\" srcset=\"data:image\/svg+xml;utf8,&lt;encoded_tag_open \/&gt;svg%20xmlns=\" alt=\"\" width=\"420\" height=\"323\">&#8221; data-srcset=&#8221;https:\/\/www.hotelfarol.pt\/pt\/wp-content\/uploads\/2015\/09\/Pic-72-420&#215;323.jpg 420w, https:\/\/www.hotelfarol.pt\/pt\/wp-content\/uploads\/2015\/09\/Pic-72-630&#215;484.jpg 630w, https:\/\/www.hotelfarol.pt\/pt\/wp-content\/uploads\/2015\/09\/Pic-72-840&#215;646.jpg 840w, https:\/\/www.hotelfarol.pt\/pt\/wp-content\/uploads\/2015\/09\/Pic-72-315&#215;242.jpg 315w&#8221; sizes=&#8221;(min-width : 900px) 50vw, 100vw&#8221; data-attachment-id=&#8221;19862&#8243; data-permalink=&#8221;https:\/\/gast.vamtam.com\/rooms\/luxury-room\/pic-72\/&#8221; data-orig-file=&#8221;https:\/\/www.hotelfarol.fr\/fr\/wp-content\/uploads\/2015\/09\/Pic-72.jpg&#8221; data-orig-size=&#8221;1300,800&#8243; data-comments-opened=&#8221;1&#8243; data-image-meta=&#8221;{&#8220;aperture&#8221;:&#8221;0&#8243;,&#8221;credit&#8221;:&#8221;&#8221;,&#8221;camera&#8221;:&#8221;&#8221;,&#8221;caption&#8221;:&#8221;&#8221;,&#8221;created_timestamp&#8221;:&#8221;0&#8243;,&#8221;copyright&#8221;:&#8221;&#8221;,&#8221;focal_length&#8221;:&#8221;0&#8243;,&#8221;iso&#8221;:&#8221;0&#8243;,&#8221;shutter_speed&#8221;:&#8221;0&#8243;,&#8221;title&#8221;:&#8221;&#8221;,&#8221;orientation&#8221;:&#8221;1&#8243;}&#8221; data-image-title=&#8221;Pic-72&#8243; data-image-description=&#8221;&#8221; data-medium-file=&#8221;https:\/\/www.hotelfarol.co.uk\/fr\/wp-content\/uploads\/2015\/09\/Pic-72-600&#215;369.jpg&#8221; data-large-file=&#8221;https:\/\/www.hotelfarol.pt\/pt\/wp-content\/uploads\/2015\/09\/Pic-72-1224&#215;753.jpg&#8221; \/&gt;  vamtam-theme-circle-post  <\/a><\/p>\n<header>\n<h3><a title=\"Chambre de luxe avec balcon\" href=\"https:\/\/gast.vamtam.com\/rooms\/luxury-room\/\">Chambre de luxe avec balcon<\/a><\/h3>\n<a href=\"https:\/\/gast.vamtam.com\/room-type\/premium-room\/\" rel=\"tag\">Chambre Premium<\/a><\/header>\n<p>Avec une salle de bains en marbre aux dimensions g\u00e9n\u00e9reuses et des fen\u00eatres allant du sol au plafond et offrant des vues sur la ville, nos chambres de premier ordre sont une maison confortable loin &#8230; \u00c0 partir de : 220 $ \/ Nuit <a href=\"https:\/\/gast.vamtam.com\/rooms\/luxury-room\/\">CHERCHER LA DISPONIBILIT\u00c9<\/a> Chambre de luxe avec balcon<a title=\"Chambre classique vue mer\" href=\"https:\/\/gast.vamtam.com\/rooms\/single-room\/\"> <img loading=\"lazy\" decoding=\"async\" src=\"https:\/\/www.hotelfarol.pt\/pt\/wp-content\/uploads\/2015\/08\/Pic-43-420x323.jpg\" srcset=\"data:image\/svg+xml;utf8,&lt;encoded_tag_open \/&gt;svg%20xmlns=\" alt=\"\" width=\"420\" height=\"323\">&#8221; data-srcset=&#8221;https:\/\/www.hotelfarol.pt\/pt\/wp-content\/uploads\/2015\/08\/Pic-43-420&#215;323.jpg 420w, https:\/\/www.hotelfarol.pt\/pt\/wp-content\/uploads\/2015\/08\/Pic-43-630&#215;484.jpg 630w, https:\/\/www.hotelfarol.pt\/pt\/wp-content\/uploads\/2015\/08\/Pic-43-840&#215;646.jpg 840w, https:\/\/www.hotelfarol.pt\/pt\/wp-content\/uploads\/2015\/08\/Pic-43-315&#215;242.jpg 315w&#8221; sizes=&#8221;(min-width : 900px) 50vw, 100vw&#8221; data-attachment-id=&#8221;19246&#8243; data-permalink=&#8221;https:\/\/gast.vamtam.com\/rooms\/single-room\/pic-43\/&#8221; data-orig-file=&#8221;https:\/\/www.hotelfarol.fr\/fr\/wp-content\/uploads\/2015\/08\/Pic-43.jpg&#8221; data-orig-size=&#8221;1300,800&#8243; data-comments-opened=&#8221;1&#8243; data-image-meta=&#8221;{&#8220;aperture&#8221;:&#8221;0&#8243;,&#8221;credit&#8221;:&#8221;&#8221;,&#8221;camera&#8221;:&#8221;&#8221;,&#8221;caption&#8221;:&#8221;&#8221;,&#8221;created_timestamp&#8221;:&#8221;0&#8243;,&#8221;copyright&#8221;:&#8221;&#8221;,&#8221;focal_length&#8221;:&#8221;0&#8243;,&#8221;iso&#8221;:&#8221;0&#8243;,&#8221;shutter_speed&#8221;:&#8221;0&#8243;,&#8221;title&#8221;:&#8221;&#8221;,&#8221;orientation&#8221;:&#8221;1&#8243;}&#8221; data-image-title=&#8221;Pic-43&#8243; data-image-description=&#8221;&#8221; data-medium-file=&#8221;https:\/\/www.hotelfarol.co.uk\/fr\/wp-content\/uploads\/2015\/08\/Pic-43-600&#215;369.jpg&#8221; data-large-file=&#8221;https:\/\/www.hotelfarol.pt\/pt\/wp-content\/uploads\/2015\/08\/Pic-43-1224&#215;753.jpg&#8221; \/&gt;  vamtam-theme-circle-post  <\/a><\/p>\n<header>\n<h3><a title=\"Chambre classique vue mer\" href=\"https:\/\/gast.vamtam.com\/rooms\/single-room\/\">Chambre classique vue mer<\/a><\/h3>\n<a href=\"https:\/\/gast.vamtam.com\/room-type\/classic-room\/\" rel=\"tag\">Chambre classique<\/a><\/header>\n<p>Avec une salle de bains en marbre aux dimensions g\u00e9n\u00e9reuses et des fen\u00eatres allant du sol au plafond et offrant des vues sur la ville, nos chambres de premier ordre sont une maison confortable loin &#8230; A partir de : $77 \/ Night <a href=\"https:\/\/gast.vamtam.com\/rooms\/single-room\/\">CHECK AVAILABILITY<\/a> Classic Room Sea View<a title=\"Chambre double avec balcon\" href=\"https:\/\/gast.vamtam.com\/rooms\/double-room\/\"> <img loading=\"lazy\" decoding=\"async\" src=\"https:\/\/www.hotelfarol.pt\/pt\/wp-content\/uploads\/2015\/08\/Pic-74-420x323.jpg\" srcset=\"data:image\/svg+xml;utf8,&lt;encoded_tag_open \/&gt;svg%20xmlns=\" alt=\"\" width=\"420\" height=\"323\">&#8221; data-srcset=&#8221;https:\/\/www.hotelfarol.pt\/pt\/wp-content\/uploads\/2015\/08\/Pic-74-420&#215;323.jpg 420w, https:\/\/www.hotelfarol.pt\/pt\/wp-content\/uploads\/2015\/08\/Pic-74-630&#215;484.jpg 630w, https:\/\/www.hotelfarol.pt\/pt\/wp-content\/uploads\/2015\/08\/Pic-74-840&#215;646.jpg 840w, https:\/\/www.hotelfarol.pt\/pt\/wp-content\/uploads\/2015\/08\/Pic-74-315&#215;242.jpg 315w&#8221; sizes=&#8221;(min-width : 900px) 50vw, 100vw&#8221; data-attachment-id=&#8221;19873&#8243; data-permalink=&#8221;https:\/\/gast.vamtam.com\/rooms\/double-room\/pic-74\/&#8221; data-orig-file=&#8221;https:\/\/www.hotelfarol.fr\/fr\/wp-content\/uploads\/2015\/08\/Pic-74.jpg&#8221; data-orig-size=&#8221;1300,800&#8243; data-comments-opened=&#8221;1&#8243; data-image-meta=&#8221;{&#8220;aperture&#8221;:&#8221;0&#8243;,&#8221;credit&#8221;:&#8221;&#8221;,&#8221;camera&#8221;:&#8221;&#8221;,&#8221;caption&#8221;:&#8221;&#8221;,&#8221;created_timestamp&#8221;:&#8221;0&#8243;,&#8221;copyright&#8221;:&#8221;&#8221;,&#8221;focal_length&#8221;:&#8221;0&#8243;,&#8221;iso&#8221;:&#8221;0&#8243;,&#8221;shutter_speed&#8221;:&#8221;0&#8243;,&#8221;title&#8221;:&#8221;&#8221;,&#8221;orientation&#8221;:&#8221;1&#8243;}&#8221; data-image-title=&#8221;Pic-74&#8243; data-image-description=&#8221;&#8221; data-medium-file=&#8221;https:\/\/www.hotelfarol.co.uk\/fr\/wp-content\/uploads\/2015\/08\/Pic-74-600&#215;369.jpg&#8221; data-large-file=&#8221;https:\/\/www.hotelfarol.pt\/pt\/wp-content\/uploads\/2015\/08\/Pic-74-1224&#215;753.jpg&#8221; \/&gt;  vamtam-theme-circle-post  <\/a><\/p>\n<header>\n<h3><a title=\"Chambre double avec balcon\" href=\"https:\/\/gast.vamtam.com\/rooms\/double-room\/\">Chambre double avec balcon<\/a><\/h3>\n<a href=\"https:\/\/gast.vamtam.com\/room-type\/twin-room\/\" rel=\"tag\">Chambre \u00e0 deux lits<\/a><\/header>\n<p>Avec une salle de bains en marbre aux dimensions g\u00e9n\u00e9reuses et des fen\u00eatres allant du sol au plafond et offrant des vues sur la ville, nos chambres de premier ordre sont une maison confortable loin &#8230; A partir de : $88 \/ Night <a href=\"https:\/\/gast.vamtam.com\/rooms\/double-room\/\">CHECK AVAILABILITY<\/a> Twin Room Balcony<\/p>\n<h2>Salle des livres<\/h2>\n<p>R\u00e9servez l&#8217;une de nos chambres et profitez d&#8217;un confort exceptionnel<\/p>\n<p>\n<div id=\"hotel-booking-search-69ef96dcd18c8\" class=\"hotel-booking-search\">\n\t\n\t<form  name=\"hb-search-form\" action=\"https:\/\/www.hotelfarol.pt\/pt\/hotel-rooms\/\"\n\t\t  class=\"hb-search-form-69ef96dcd18c1\">\n\t\t<ul class=\"hb-form-table\">\n\t\t\t<li class=\"hb-form-field\">\n\t\t\t\t<label>Arrival Date<\/label>\t\t\t\t<div class=\"hb-form-field-input hb_input_field\">\n\t\t\t\t\t<input type=\"text\" name=\"check_in_date\" id=\"check_in_date_69ef96dcd18c1\"\n\t\t\t\t\t\t   class=\"hb_input_date_check\" value=\"\"\n\t\t\t\t\t\t   placeholder=\"Arrival Date\"\n\t\t\t\t\t\t   autocomplete=\"off\" \/>\n\t\t\t\t<\/div>\n\t\t\t<\/li>\n\n\t\t\t<li class=\"hb-form-field\">\n\t\t\t\t<label>Departure Date<\/label>\t\t\t\t<div class=\"hb-form-field-input hb_input_field\">\n\t\t\t\t\t<input type=\"text\" name=\"check_out_date\" id=\"check_out_date_69ef96dcd18c1\"\n\t\t\t\t\t\t   class=\"hb_input_date_check\" value=\"\"\n\t\t\t\t\t\t   placeholder=\"Departure Date\"\n\t\t\t\t\t\t   autocomplete=\"off\"\/>\n\t\t\t\t<\/div>\n\t\t\t<\/li>\n\n\t\t\t<li class=\"hb-form-field\">\n\t\t\t\t<label>Adults<\/label>\t\t\t\t<div class=\"hb-form-field-input\">\n\t\t\t\t\t<select name=\"adults_capacity\" ><option value=\"\">Adults<\/option><option value=\"1\">1<\/option><option value=\"2\">2<\/option><option value=\"3\">3<\/option><option value=\"4\">4<\/option><option value=\"5\">5<\/option><option value=\"6\">6<\/option><option value=\"7\">7<\/option><option value=\"8\">8<\/option><option value=\"9\">9<\/option><option value=\"10\">10<\/option><option value=\"11\">11<\/option><option value=\"12\">12<\/option><option value=\"13\">13<\/option><option value=\"14\">14<\/option><option value=\"15\">15<\/option><option value=\"16\">16<\/option><option value=\"17\">17<\/option><option value=\"18\">18<\/option><option value=\"19\">19<\/option><option value=\"20\">20<\/option><\/select>\t\t\t\t<\/div>\n\t\t\t<\/li>\n\n\t\t\t<li class=\"hb-form-field\">\n\t\t\t\t<label>Children<\/label>\t\t\t\t<div class=\"hb-form-field-input\">\n\t\t\t\t\t<select name=\"max_child\" ><option value=\"\">Children<\/option><\/select>\t\t\t\t<\/div>\n\t\t\t<\/li>\n\t\t<\/ul>\n\t\t<input type=\"hidden\" id=\"nonce\" name=\"nonce\" value=\"8cdd57708b\" \/><input type=\"hidden\" name=\"_wp_http_referer\" value=\"\/pt\/wp-json\/wp\/v2\/pages\/23548\" \/>\t\t<input type=\"hidden\" name=\"hotel-booking\" value=\"results\"\/>\n\t\t<input type=\"hidden\" name=\"widget-search\"\n\t\t\t   value=\"1\"\/>\n\t\t<input type=\"hidden\" name=\"action\" value=\"hotel_booking_parse_search_params\"\/>\n\t\t<input type=\"hidden\" name=\"paged\" value=\"1\"\/>\n\t\t<p class=\"hb-submit\">\n\t\t\t<button type=\"submit\" class=\"wphb-button\">Check Availability<\/button>\n\t\t<\/p>\n\t<\/form>\n<\/div>\n<\/p>\n\t\t\t\t\t\t\t\t<\/div>\n\t\t\t\t<\/div>\n\t\t\t\t\t<\/div>\n\t\t<\/div>\n\t\t\t\t\t<\/div>\n\t\t<\/section>\n\t\t\t\t<\/div>\n\t\t","protected":false},"excerpt":{"rendered":"<p>Services et commodit\u00e9s L&#8217;exp\u00e9rience du palais Nous vous pr\u00e9sentons En face de la plage Un petit d\u00e9jeuner fabuleux Wifi gratuit Climatisation Am\u00e9nagements S\u00e8che-cheveux Service de nettoyage quotidien R\u00e9ception 24 heures&#8230;<\/p>\n","protected":false},"author":1,"featured_media":0,"parent":0,"menu_order":0,"comment_status":"closed","ping_status":"closed","template":"","meta":{"inline_featured_image":false,"_price":"","_stock":"","_tribe_ticket_header":"","_tribe_default_ticket_provider":"","_tribe_ticket_capacity":"0","_ticket_start_date":"","_ticket_end_date":"","_tribe_ticket_show_description":"","_tribe_ticket_show_not_going":false,"_tribe_ticket_use_global_stock":"","_tribe_ticket_global_stock_level":"","_global_stock_mode":"","_global_stock_cap":"","_tribe_rsvp_for_event":"","_tribe_ticket_going_count":"","_tribe_ticket_not_going_count":"","_tribe_tickets_list":"[]","_tribe_ticket_has_attendee_info_fields":false,"footnotes":""},"class_list":["post-23548","page","type-page","status-publish","hentry"],"yoast_head":"<!-- This site is optimized with the Yoast SEO plugin v26.5 - https:\/\/yoast.com\/wordpress\/plugins\/seo\/ -->\n<title>Chambres - Hotel Farol<\/title>\n<meta name=\"robots\" content=\"index, follow, max-snippet:-1, max-image-preview:large, max-video-preview:-1\" \/>\n<link rel=\"canonical\" href=\"https:\/\/www.hotelfarol.pt\/pt\/chambres-2\/\" \/>\n<meta property=\"og:locale\" content=\"pt_PT\" \/>\n<meta property=\"og:type\" content=\"article\" \/>\n<meta property=\"og:title\" content=\"Chambres - Hotel Farol\" \/>\n<meta property=\"og:description\" content=\"Services et commodit\u00e9s L&#8217;exp\u00e9rience du palais Nous vous pr\u00e9sentons En face de la plage Un petit d\u00e9jeuner fabuleux Wifi gratuit Climatisation Am\u00e9nagements S\u00e8che-cheveux Service de nettoyage quotidien R\u00e9ception 24 heures...\" \/>\n<meta property=\"og:url\" content=\"https:\/\/www.hotelfarol.pt\/pt\/chambres-2\/?lang=fr\" \/>\n<meta property=\"og:site_name\" content=\"Hotel Farol\" \/>\n<meta property=\"article:modified_time\" content=\"2023-03-07T17:23:51+00:00\" \/>\n<meta property=\"og:image\" content=\"https:\/\/www.hotelfarol.pt\/pt\/wp-content\/uploads\/2019\/06\/Pic-47-420x323.jpg\" \/>\n<meta name=\"twitter:card\" content=\"summary_large_image\" \/>\n<meta name=\"twitter:label1\" content=\"Tempo estimado de leitura\" \/>\n\t<meta name=\"twitter:data1\" content=\"9 minutos\" \/>\n<script type=\"application\/ld+json\" class=\"yoast-schema-graph\">{\"@context\":\"https:\/\/schema.org\",\"@graph\":[{\"@type\":\"WebPage\",\"@id\":\"https:\/\/www.hotelfarol.pt\/pt\/chambres-2\/?lang=fr\",\"url\":\"https:\/\/www.hotelfarol.pt\/pt\/chambres-2\/?lang=fr\",\"name\":\"Chambres - Hotel Farol\",\"isPartOf\":{\"@id\":\"https:\/\/www.hotelfarol.pt\/pt\/#website\"},\"primaryImageOfPage\":{\"@id\":\"https:\/\/www.hotelfarol.pt\/pt\/chambres-2\/?lang=fr#primaryimage\"},\"image\":{\"@id\":\"https:\/\/www.hotelfarol.pt\/pt\/chambres-2\/?lang=fr#primaryimage\"},\"thumbnailUrl\":\"https:\/\/www.hotelfarol.pt\/pt\/wp-content\/uploads\/2019\/06\/Pic-47-420x323.jpg\",\"datePublished\":\"2018-11-02T22:59:57+00:00\",\"dateModified\":\"2023-03-07T17:23:51+00:00\",\"breadcrumb\":{\"@id\":\"https:\/\/www.hotelfarol.pt\/pt\/chambres-2\/?lang=fr#breadcrumb\"},\"inLanguage\":\"pt-PT\",\"potentialAction\":[{\"@type\":\"ReadAction\",\"target\":[\"https:\/\/www.hotelfarol.pt\/pt\/chambres-2\/?lang=fr\"]}]},{\"@type\":\"ImageObject\",\"inLanguage\":\"pt-PT\",\"@id\":\"https:\/\/www.hotelfarol.pt\/pt\/chambres-2\/?lang=fr#primaryimage\",\"url\":\"https:\/\/www.hotelfarol.pt\/pt\/wp-content\/uploads\/2019\/06\/Pic-47.jpg\",\"contentUrl\":\"https:\/\/www.hotelfarol.pt\/pt\/wp-content\/uploads\/2019\/06\/Pic-47.jpg\",\"width\":1300,\"height\":800},{\"@type\":\"BreadcrumbList\",\"@id\":\"https:\/\/www.hotelfarol.pt\/pt\/chambres-2\/?lang=fr#breadcrumb\",\"itemListElement\":[{\"@type\":\"ListItem\",\"position\":1,\"name\":\"Home\",\"item\":\"https:\/\/www.hotelfarol.pt\/pt\/\"},{\"@type\":\"ListItem\",\"position\":2,\"name\":\"Chambres\"}]},{\"@type\":\"WebSite\",\"@id\":\"https:\/\/www.hotelfarol.pt\/pt\/#website\",\"url\":\"https:\/\/www.hotelfarol.pt\/pt\/\",\"name\":\"Hotel Farol\",\"description\":\"\",\"publisher\":{\"@id\":\"https:\/\/www.hotelfarol.pt\/pt\/#organization\"},\"potentialAction\":[{\"@type\":\"SearchAction\",\"target\":{\"@type\":\"EntryPoint\",\"urlTemplate\":\"https:\/\/www.hotelfarol.pt\/pt\/?s={search_term_string}\"},\"query-input\":{\"@type\":\"PropertyValueSpecification\",\"valueRequired\":true,\"valueName\":\"search_term_string\"}}],\"inLanguage\":\"pt-PT\"},{\"@type\":\"Organization\",\"@id\":\"https:\/\/www.hotelfarol.pt\/pt\/#organization\",\"name\":\"Hotel Farol\",\"url\":\"https:\/\/www.hotelfarol.pt\/pt\/\",\"logo\":{\"@type\":\"ImageObject\",\"inLanguage\":\"pt-PT\",\"@id\":\"https:\/\/www.hotelfarol.pt\/pt\/#\/schema\/logo\/image\/\",\"url\":\"https:\/\/www.hotelfarol.pt\/pt\/wp-content\/uploads\/2020\/11\/cropped-capa-face-hotel-02-1-e1669090868239.png\",\"contentUrl\":\"https:\/\/www.hotelfarol.pt\/pt\/wp-content\/uploads\/2020\/11\/cropped-capa-face-hotel-02-1-e1669090868239.png\",\"width\":150,\"height\":150,\"caption\":\"Hotel Farol\"},\"image\":{\"@id\":\"https:\/\/www.hotelfarol.pt\/pt\/#\/schema\/logo\/image\/\"}}]}<\/script>\n<!-- \/ Yoast SEO plugin. -->","yoast_head_json":{"title":"Chambres - Hotel Farol","robots":{"index":"index","follow":"follow","max-snippet":"max-snippet:-1","max-image-preview":"max-image-preview:large","max-video-preview":"max-video-preview:-1"},"canonical":"https:\/\/www.hotelfarol.pt\/pt\/chambres-2\/","og_locale":"pt_PT","og_type":"article","og_title":"Chambres - Hotel Farol","og_description":"Services et commodit\u00e9s L&#8217;exp\u00e9rience du palais Nous vous pr\u00e9sentons En face de la plage Un petit d\u00e9jeuner fabuleux Wifi gratuit Climatisation Am\u00e9nagements S\u00e8che-cheveux Service de nettoyage quotidien R\u00e9ception 24 heures...","og_url":"https:\/\/www.hotelfarol.pt\/pt\/chambres-2\/?lang=fr","og_site_name":"Hotel Farol","article_modified_time":"2023-03-07T17:23:51+00:00","og_image":[{"url":"https:\/\/www.hotelfarol.pt\/pt\/wp-content\/uploads\/2019\/06\/Pic-47-420x323.jpg","type":"","width":"","height":""}],"twitter_card":"summary_large_image","twitter_misc":{"Tempo estimado de leitura":"9 minutos"},"schema":{"@context":"https:\/\/schema.org","@graph":[{"@type":"WebPage","@id":"https:\/\/www.hotelfarol.pt\/pt\/chambres-2\/?lang=fr","url":"https:\/\/www.hotelfarol.pt\/pt\/chambres-2\/?lang=fr","name":"Chambres - Hotel Farol","isPartOf":{"@id":"https:\/\/www.hotelfarol.pt\/pt\/#website"},"primaryImageOfPage":{"@id":"https:\/\/www.hotelfarol.pt\/pt\/chambres-2\/?lang=fr#primaryimage"},"image":{"@id":"https:\/\/www.hotelfarol.pt\/pt\/chambres-2\/?lang=fr#primaryimage"},"thumbnailUrl":"https:\/\/www.hotelfarol.pt\/pt\/wp-content\/uploads\/2019\/06\/Pic-47-420x323.jpg","datePublished":"2018-11-02T22:59:57+00:00","dateModified":"2023-03-07T17:23:51+00:00","breadcrumb":{"@id":"https:\/\/www.hotelfarol.pt\/pt\/chambres-2\/?lang=fr#breadcrumb"},"inLanguage":"pt-PT","potentialAction":[{"@type":"ReadAction","target":["https:\/\/www.hotelfarol.pt\/pt\/chambres-2\/?lang=fr"]}]},{"@type":"ImageObject","inLanguage":"pt-PT","@id":"https:\/\/www.hotelfarol.pt\/pt\/chambres-2\/?lang=fr#primaryimage","url":"https:\/\/www.hotelfarol.pt\/pt\/wp-content\/uploads\/2019\/06\/Pic-47.jpg","contentUrl":"https:\/\/www.hotelfarol.pt\/pt\/wp-content\/uploads\/2019\/06\/Pic-47.jpg","width":1300,"height":800},{"@type":"BreadcrumbList","@id":"https:\/\/www.hotelfarol.pt\/pt\/chambres-2\/?lang=fr#breadcrumb","itemListElement":[{"@type":"ListItem","position":1,"name":"Home","item":"https:\/\/www.hotelfarol.pt\/pt\/"},{"@type":"ListItem","position":2,"name":"Chambres"}]},{"@type":"WebSite","@id":"https:\/\/www.hotelfarol.pt\/pt\/#website","url":"https:\/\/www.hotelfarol.pt\/pt\/","name":"Hotel Farol","description":"","publisher":{"@id":"https:\/\/www.hotelfarol.pt\/pt\/#organization"},"potentialAction":[{"@type":"SearchAction","target":{"@type":"EntryPoint","urlTemplate":"https:\/\/www.hotelfarol.pt\/pt\/?s={search_term_string}"},"query-input":{"@type":"PropertyValueSpecification","valueRequired":true,"valueName":"search_term_string"}}],"inLanguage":"pt-PT"},{"@type":"Organization","@id":"https:\/\/www.hotelfarol.pt\/pt\/#organization","name":"Hotel Farol","url":"https:\/\/www.hotelfarol.pt\/pt\/","logo":{"@type":"ImageObject","inLanguage":"pt-PT","@id":"https:\/\/www.hotelfarol.pt\/pt\/#\/schema\/logo\/image\/","url":"https:\/\/www.hotelfarol.pt\/pt\/wp-content\/uploads\/2020\/11\/cropped-capa-face-hotel-02-1-e1669090868239.png","contentUrl":"https:\/\/www.hotelfarol.pt\/pt\/wp-content\/uploads\/2020\/11\/cropped-capa-face-hotel-02-1-e1669090868239.png","width":150,"height":150,"caption":"Hotel Farol"},"image":{"@id":"https:\/\/www.hotelfarol.pt\/pt\/#\/schema\/logo\/image\/"}}]}},"_links":{"self":[{"href":"https:\/\/www.hotelfarol.pt\/pt\/wp-json\/wp\/v2\/pages\/23548","targetHints":{"allow":["GET"]}}],"collection":[{"href":"https:\/\/www.hotelfarol.pt\/pt\/wp-json\/wp\/v2\/pages"}],"about":[{"href":"https:\/\/www.hotelfarol.pt\/pt\/wp-json\/wp\/v2\/types\/page"}],"author":[{"embeddable":true,"href":"https:\/\/www.hotelfarol.pt\/pt\/wp-json\/wp\/v2\/users\/1"}],"replies":[{"embeddable":true,"href":"https:\/\/www.hotelfarol.pt\/pt\/wp-json\/wp\/v2\/comments?post=23548"}],"version-history":[{"count":2,"href":"https:\/\/www.hotelfarol.pt\/pt\/wp-json\/wp\/v2\/pages\/23548\/revisions"}],"predecessor-version":[{"id":23550,"href":"https:\/\/www.hotelfarol.pt\/pt\/wp-json\/wp\/v2\/pages\/23548\/revisions\/23550"}],"wp:attachment":[{"href":"https:\/\/www.hotelfarol.pt\/pt\/wp-json\/wp\/v2\/media?parent=23548"}],"curies":[{"name":"wp","href":"https:\/\/api.w.org\/{rel}","templated":true}]}}