{"id":23458,"date":"2021-02-03T22:38:55","date_gmt":"2021-02-03T22:38:55","guid":{"rendered":"https:\/\/www.hotelfarol.pt\/pt\/inicio-hotel\/"},"modified":"2023-03-07T16:59:17","modified_gmt":"2023-03-07T16:59:17","slug":"inicio-hotel","status":"publish","type":"page","link":"https:\/\/www.hotelfarol.pt\/pt\/inicio-hotel\/?lang=es","title":{"rendered":"Inicio &#8211; Hotel"},"content":{"rendered":"\t\t<div data-elementor-type=\"wp-page\" data-elementor-id=\"23458\" class=\"elementor elementor-23458 elementor-14013\">\n\t\t\t\t\t\t<section class=\"elementor-section elementor-top-section elementor-element elementor-element-4d41a078 elementor-section-boxed elementor-section-height-default elementor-section-height-default\" data-id=\"4d41a078\" data-element_type=\"section\">\n\t\t\t\t\t\t<div class=\"elementor-container elementor-column-gap-default\">\n\t\t\t\t\t<div class=\"elementor-column elementor-col-100 elementor-top-column elementor-element elementor-element-3f66ca36\" data-id=\"3f66ca36\" data-element_type=\"column\">\n\t\t\t<div class=\"elementor-widget-wrap elementor-element-populated\">\n\t\t\t\t\t\t<div class=\"elementor-element elementor-element-e063ca6 elementor-widget elementor-widget-text-editor\" data-id=\"e063ca6\" data-element_type=\"widget\" data-widget_type=\"text-editor.default\">\n\t\t\t\t<div class=\"elementor-widget-container\">\n\t\t\t\t\t\t\t\t\t<p>Ocio y negocios cerca del mar<\/p>\n\t\t\t\t\t\t\t\t<\/div>\n\t\t\t\t<\/div>\n\t\t\t\t<div class=\"elementor-element elementor-element-34cd6b78 elementor-widget elementor-widget-text-editor\" data-id=\"34cd6b78\" data-element_type=\"widget\" data-widget_type=\"text-editor.default\">\n\t\t\t\t<div class=\"elementor-widget-container\">\n\t\t\t\t\t\t\t\t\t<p><\/p>\n<h1><span style=\"color: var(--vamtam-primary-font-color); letter-spacing: var(--vamtam-primary-font-letter-spacing,normal);\">Prueba de ocio y negocios cerca del mar<\/span><\/h1>\n<p><a role=\"button\" href=\"https:\/\/www.hotelfarol.pt\/pt\/habitaciones\/?lang=es\" target=\"_self\" rel=\"noopener noreferrer\"><br>RESERVAR UNA HABITACI\u00d3N<br><\/a><\/p>\n<h2>Habitaciones<\/h2>\n<p>Elija lo que m\u00e1s le convenga<\/p>\n<p><a class=\"image-loaded\" title=\"Vista al lago\" href=\"https:\/\/gast.vamtam.com\/rooms\/lake-view\/\"><br><img fetchpriority=\"high\" decoding=\"async\" title=\"\" src=\"https:\/\/www.hotelfarol.pt\/pt\/wp-content\/uploads\/2019\/06\/Pic-47-420x323.jpg\" sizes=\"(min-width: 900px) 50vw, 100vw\" srcset=\"https:\/\/www.hotelfarol.pt\/pt\/wp-content\/uploads\/2019\/06\/Pic-47-420x323.jpg 420w, https:\/\/www.hotelfarol.pt\/pt\/wp-content\/uploads\/2019\/06\/Pic-47-630x484.jpg 630w, https:\/\/www.hotelfarol.pt\/pt\/wp-content\/uploads\/2019\/06\/Pic-47-840x646.jpg 840w, https:\/\/www.hotelfarol.pt\/pt\/wp-content\/uploads\/2019\/06\/Pic-47-315x242.jpg 315w\" alt=\"\" width=\"420\" height=\"323\" data-attachment-id=\"19828\" data-permalink=\"https:\/\/gast.vamtam.com\/rooms\/lake-view\/pic-47\/\" data-orig-file=\"https:\/\/www.hotelfarol.pt\/pt\/wp-content\/uploads\/2019\/06\/Pic-47.jpg\" data-orig-size=\"1300,800\" data-comments-opened=\"1\" data-image-meta=\"{\" data-image-title=\"Pic-47\" data-image-description=\"\" data-medium-file=\"https:\/\/www.hotelfarol.pt\/pt\/wp-content\/uploads\/2019\/06\/Pic-47-600x369.jpg\" data-large-file=\"https:\/\/www.hotelfarol.pt\/pt\/wp-content\/uploads\/2019\/06\/Pic-47-1224x753.jpg\">  vamtam-theme-circle-post  <\/a><\/p>\n<header>\n<h3>Suite Superior Balc\u00f3n y Vistas al Mar&nbsp;<\/h3>\n<p><a href=\"https:\/\/gast.vamtam.com\/room-type\/twin-room\/\" rel=\"tag\">Cama<\/a>doble<\/p>\n<\/header>\n<p>Suite superior con c\u00f3moda cama doble, sal\u00f3n amueblado con sof\u00e1, mesa y acogedor sill\u00f3n. Desayuno incluido.<\/p>\n<p>A partir de: 80<br>\/ Noche<br><a href=\"https:\/\/gast.vamtam.com\/rooms\/lake-view\/\">CONSULTAR DISPONIBILIDAD<\/a><br>Vista al mar<\/p>\n<p><a class=\"image-loaded\" title=\"Habitaci\u00f3n Queen Balc\u00f3n\" href=\"https:\/\/gast.vamtam.com\/rooms\/triple-room\/\"><br><img decoding=\"async\" title=\"\" src=\"https:\/\/www.hotelfarol.pt\/pt\/wp-content\/uploads\/2018\/10\/Pic-54-420x323.jpg\" sizes=\"(min-width: 900px) 50vw, 100vw\" srcset=\"https:\/\/www.hotelfarol.pt\/pt\/wp-content\/uploads\/2018\/10\/Pic-54-420x323.jpg 420w, https:\/\/www.hotelfarol.pt\/pt\/wp-content\/uploads\/2018\/10\/Pic-54-630x484.jpg 630w, https:\/\/www.hotelfarol.pt\/pt\/wp-content\/uploads\/2018\/10\/Pic-54-840x646.jpg 840w, https:\/\/www.hotelfarol.pt\/pt\/wp-content\/uploads\/2018\/10\/Pic-54-315x242.jpg 315w\" alt=\"\" width=\"420\" height=\"323\" data-attachment-id=\"19835\" data-permalink=\"https:\/\/gast.vamtam.com\/rooms\/triple-room\/pic-54\/\" data-orig-file=\"https:\/\/www.hotelfarol.pt\/pt\/wp-content\/uploads\/2018\/10\/Pic-54.jpg\" data-orig-size=\"1300,800\" data-comments-opened=\"1\" data-image-meta=\"{\" data-image-title=\"Pic-54\" data-image-description=\"\" data-medium-file=\"https:\/\/www.hotelfarol.pt\/pt\/wp-content\/uploads\/2018\/10\/Pic-54-600x369.jpg\" data-large-file=\"https:\/\/www.hotelfarol.pt\/pt\/wp-content\/uploads\/2018\/10\/Pic-54-1224x753.jpg\">  vamtam-theme-circle-post  <\/a><\/p>\n<header>\n<h3><a title=\"Habitaci\u00f3n Queen Balc\u00f3n\" href=\"https:\/\/gast.vamtam.com\/rooms\/triple-room\/\">Habitaci\u00f3n Queen Balc\u00f3n<\/a><\/h3>\n<p><a href=\"https:\/\/gast.vamtam.com\/room-type\/family-room\/\" rel=\"tag\">Sala de estar<\/a><\/p>\n<\/header>\n<p>Con un amplio cuarto de ba\u00f1o de m\u00e1rmol y ventanales con vistas a la ciudad, nuestras habitaciones de primera categor\u00eda son un c\u00f3modo hogar lejos &#8230;<\/p>\n<p>Desde: 99<br>\/ Noche<br><a href=\"https:\/\/gast.vamtam.com\/rooms\/triple-room\/\">CONSULTAR DISPONIBILIDAD<\/a><br>Habitaci\u00f3n Queen Balc\u00f3n<\/p>\n<p><a title=\"Estudio Vista al Mar\" href=\"https:\/\/gast.vamtam.com\/rooms\/studio\/\"><br><img decoding=\"async\" src=\"https:\/\/www.hotelfarol.pt\/pt\/wp-content\/uploads\/2018\/10\/Pic-60-420x323.jpg\" sizes=\"(min-width: 900px) 50vw, 100vw\" srcset=\"data:image\/svg+xml;utf8,svg%20xmlns=\">&#8221; alt=&#8221;&#8221; width=&#8221;420&#8243; height=&#8221;323&#8243; data-srcset=&#8221;https:\/\/www.hotelfarol.pt\/pt\/wp-content\/uploads\/2018\/10\/Pic-60-420&#215;323.jpg 420w, https:\/\/www.hotelfarol.pt\/pt\/wp-content\/uploads\/2018\/10\/Pic-60-630&#215;484.jpg 630w, https:\/\/www.hotelfarol.pt\/pt\/wp-content\/uploads\/2018\/10\/Pic-60-840&#215;646.jpg 840w, https:\/\/www.hotelfarol.pt\/pt\/wp-content\/uploads\/2018\/10\/Pic-60-315&#215;242.jpg 315w&#8221; data-attachment-id=&#8221;19844&#8243; data-permalink=&#8221;https:\/\/gast.vamtam.com\/rooms\/studio\/pic-60\/&#8221; data-orig-file=&#8221;https:\/\/www.hotelfarol.es\/es\/wp-content\/uploads\/2018\/10\/Pic-60.jpg&#8221; data-orig-size=&#8221;1300,800&#8243; data-comments-opened=&#8221;1&#8243; data-image-meta=&#8221;{&#8220;aperture&#8221;:&#8221;0&#8243;,&#8221;credit&#8221;:&#8221;&#8221;,&#8221;camera&#8221;:&#8221;&#8221;,&#8221;caption&#8221;:&#8221;&#8221;,&#8221;created_timestamp&#8221;:&#8221;0&#8243;,&#8221;copyright&#8221;:&#8221;&#8221;,&#8221;focal_length&#8221;:&#8221;0&#8243;,&#8221;iso&#8221;:&#8221;0&#8243;,&#8221;shutter_speed&#8221;:&#8221;0&#8243;,&#8221;title&#8221;:&#8221;&#8221;,&#8221;orientation&#8221;:&#8221;1&#8243;}&#8221; data-image-title=&#8221;Pic-60&#8243; data-image-description=&#8221;&#8221; data-medium-file=&#8221;https:\/\/www.hotelfarol.es\/es\/wp-content\/uploads\/2018\/10\/Pic-60-600&#215;369.jpg&#8221; data-large-file=&#8221;https:\/\/www.hotelfarol.pt\/pt\/wp-content\/uploads\/2018\/10\/Pic-60-1224&#215;753.jpg&#8221; \/&gt;  vamtam-theme-circle-post  <\/a><\/p>\n<header>\n<h3><a title=\"Estudio Vista al Mar\" href=\"https:\/\/gast.vamtam.com\/rooms\/studio\/\">Estudio Vista al Mar<\/a><\/h3>\n<p><a href=\"https:\/\/gast.vamtam.com\/room-type\/premium-room\/\" rel=\"tag\">Habitaci\u00f3n Premium<\/a><\/p>\n<\/header>\n<p>Con un amplio cuarto de ba\u00f1o de m\u00e1rmol y ventanales con vistas a la ciudad, nuestras habitaciones de primera categor\u00eda son un c\u00f3modo &#8230;<\/p>\n<p>Desde: $108<br>\/ Noche<br><a href=\"https:\/\/gast.vamtam.com\/rooms\/studio\/\">CONSULTAR DISPONIBILIDAD<\/a><br>Estudio Vista al Mar<\/p>\n<p><a title=\"Apartamento\" href=\"https:\/\/gast.vamtam.com\/rooms\/apartment\/\"><br><img decoding=\"async\" src=\"https:\/\/www.hotelfarol.pt\/pt\/wp-content\/uploads\/2018\/10\/Pic-62-420x323.jpg\" sizes=\"(min-width: 900px) 50vw, 100vw\" srcset=\"data:image\/svg+xml;utf8,svg%20xmlns=\">&#8221; alt=&#8221;&#8221; width=&#8221;420&#8243; height=&#8221;323&#8243; data-srcset=&#8221;https:\/\/www.hotelfarol.pt\/pt\/wp-content\/uploads\/2018\/10\/Pic-62-420&#215;323.jpg 420w, https:\/\/www.hotelfarol.pt\/pt\/wp-content\/uploads\/2018\/10\/Pic-62-630&#215;484.jpg 630w, https:\/\/www.hotelfarol.pt\/pt\/wp-content\/uploads\/2018\/10\/Pic-62-840&#215;646.jpg 840w, https:\/\/www.hotelfarol.pt\/pt\/wp-content\/uploads\/2018\/10\/Pic-62-315&#215;242.jpg 315w&#8221; data-attachment-id=&#8221;19850&#8243; data-permalink=&#8221;https:\/\/gast.vamtam.com\/rooms\/apartment\/pic-62\/&#8221; data-orig-file=&#8221;https:\/\/www.hotelfarol.es\/es\/wp-content\/uploads\/2018\/10\/Pic-62.jpg&#8221; data-orig-size=&#8221;1300,800&#8243; data-comments-opened=&#8221;1&#8243; data-image-meta=&#8221;{&#8220;aperture&#8221;:&#8221;0&#8243;,&#8221;credit&#8221;:&#8221;&#8221;,&#8221;camera&#8221;:&#8221;&#8221;,&#8221;caption&#8221;:&#8221;&#8221;,&#8221;created_timestamp&#8221;:&#8221;0&#8243;,&#8221;copyright&#8221;:&#8221;&#8221;,&#8221;focal_length&#8221;:&#8221;0&#8243;,&#8221;iso&#8221;:&#8221;0&#8243;,&#8221;shutter_speed&#8221;:&#8221;0&#8243;,&#8221;title&#8221;:&#8221;&#8221;,&#8221;orientation&#8221;:&#8221;1&#8243;}&#8221; data-image-title=&#8221;Pic-62&#8243; data-image-description=&#8221;&#8221; data-medium-file=&#8221;https:\/\/www.hotelfarol.es\/es\/wp-content\/uploads\/2018\/10\/Pic-62-600&#215;369.jpg&#8221; data-large-file=&#8221;https:\/\/www.hotelfarol.pt\/pt\/wp-content\/uploads\/2018\/10\/Pic-62-1224&#215;753.jpg&#8221; \/&gt;  vamtam-theme-circle-post  <\/a><\/p>\n<header>\n<h3><a title=\"Apartamento\" href=\"https:\/\/gast.vamtam.com\/rooms\/apartment\/\">Apartamento<\/a><\/h3>\n<p><a href=\"https:\/\/gast.vamtam.com\/room-type\/classic-apartment\/\" rel=\"tag\">Apartamento cl\u00e1sico<\/a><\/p>\n<\/header>\n<p>Con un amplio cuarto de ba\u00f1o de m\u00e1rmol y ventanales con vistas a la ciudad, nuestras habitaciones de primera categor\u00eda son un c\u00f3modo hogar lejos &#8230;<\/p>\n<p>Desde: $160<br>\/ Noche<br><a href=\"https:\/\/gast.vamtam.com\/rooms\/apartment\/\">CONSULTAR DISPONIBILIDAD<\/a><br>Apartamento<\/p>\n<p><a title=\"Habitaci\u00f3n Doble Vista al Mar\" href=\"https:\/\/gast.vamtam.com\/rooms\/twin-room\/\"><br><img decoding=\"async\" src=\"https:\/\/www.hotelfarol.pt\/pt\/wp-content\/uploads\/2018\/10\/Pic-08-420x323.jpg\" sizes=\"(min-width: 900px) 50vw, 100vw\" srcset=\"data:image\/svg+xml;utf8,svg%20xmlns=\">&#8221; alt=&#8221;&#8221; width=&#8221;420&#8243; height=&#8221;323&#8243; data-srcset=&#8221;https:\/\/www.hotelfarol.pt\/pt\/wp-content\/uploads\/2018\/10\/Pic-08-420&#215;323.jpg 420w, https:\/\/www.hotelfarol.pt\/pt\/wp-content\/uploads\/2018\/10\/Pic-08-630&#215;484.jpg 630w, https:\/\/www.hotelfarol.pt\/pt\/wp-content\/uploads\/2018\/10\/Pic-08-315&#215;242.jpg 315w&#8221; data-attachment-id=&#8221;17160&#8243; data-permalink=&#8221;https:\/\/gast.vamtam.com\/home-page-3\/pic-08-2\/&#8221; data-orig-file=&#8221;https:\/\/www.hotelfarol.pt\/pt\/wp-content\/uploads\/2018\/10\/Pic-08.jpg&#8221; data-orig-size=&#8221;1200,551&#8243; data-comments-opened=&#8221;1&#8243; data-image-meta=&#8221;{&#8220;aperture&#8221;:&#8221;0&#8243;,&#8221;credit&#8221;:&#8221;&#8221;,&#8221;camera&#8221;:&#8221;&#8221;,&#8221;caption&#8221;:&#8221;&#8221;,&#8221;created_timestamp&#8221;:&#8221;0&#8243;,&#8221;copyright&#8221;:&#8221;&#8221;,&#8221;focal_length&#8221;:&#8221;0&#8243;,&#8221;iso&#8221;:&#8221;0&#8243;,&#8221;shutter_speed&#8221;:&#8221;0&#8243;,&#8221;title&#8221;:&#8221;&#8221;,&#8221;orientation&#8221;:&#8221;1&#8243;}&#8221; data-image-title=&#8221;Pic-08&#8243; data-image-description=&#8221;&#8221; data-medium-file=&#8221;https:\/\/www.hotelfarol.es\/es\/wp-content\/uploads\/2018\/10\/Pic-08-600&#215;276.jpg&#8221; data-large-file=&#8221;https:\/\/www.hotelfarol.pt\/pt\/wp-content\/uploads\/2018\/10\/Pic-08.jpg&#8221; \/&gt;  vamtam-theme-circle-post  <\/a><\/p>\n<header>\n<h3><a title=\"Habitaci\u00f3n Doble Vista al Mar\" href=\"https:\/\/gast.vamtam.com\/rooms\/twin-room\/\">Habitaci\u00f3n Doble Vista al Mar<\/a><\/h3>\n<p><a href=\"https:\/\/gast.vamtam.com\/room-type\/twin-room\/\" rel=\"tag\">Habitaci\u00f3n doble<\/a><\/p>\n<\/header>\n<p>Con un amplio cuarto de ba\u00f1o de m\u00e1rmol y ventanales con vistas a la ciudad, nuestras habitaciones de primera categor\u00eda son un c\u00f3modo &#8230;<\/p>\n<p>Desde: $110<br>\/ Noche<br><a href=\"https:\/\/gast.vamtam.com\/rooms\/twin-room\/\">CONSULTAR DISPONIBILIDAD<\/a><br>Habitaci\u00f3n Doble Vista al Mar<\/p>\n<h3>No encontraste nada<br>que se adapte a sus necesidades?<\/h3>\n<h6><a title=\"Ver todas nuestras habitaciones \u2192\" href=\"https:\/\/www.hotelfarol.pt\/pt\/habitaciones\/?lang=es\" target=\"_self\" rel=\"noopener noreferrer\"><br>Ver todas nuestras habitaciones \u2192<br><\/a><\/h6>\n<h2>Restaurante<\/h2>\n<p>Experimente plenamente la vida local comiendo como un lugare\u00f1o<\/p>\n<h3>Comida excepcional<\/h3>\n<p>Los sabores \u00fanicos que encontrar\u00e1 en nuestro restaurante le acercar\u00e1n un paso m\u00e1s a sentirse como un lugare\u00f1o. Puede tomar un cruas\u00e1n r\u00e1pido o sentarse a disfrutar de una excepcional cena completa.<\/p>\n<p><a role=\"button\" href=\"https:\/\/www.hotelfarol.pt\/pt\/dining\/\" target=\"_self\" rel=\"noopener noreferrer\"><br>VER EL MEN\u00da<br><\/a><\/p>\n<h3>Bebidas de bar<\/h3>\n<p>Hemos hablado con camareros para saber cu\u00e1les son las bebidas populares que m\u00e1s odian preparar. Vea cu\u00e1les debe evitar para no caer en desgracia. As\u00ed es como se consigue un daiquiri de fresa hecho con whisky.<\/p>\n<p><a role=\"button\" href=\"https:\/\/www.hotelfarol.pt\/pt\/dining\/\" target=\"_self\" rel=\"noopener noreferrer\"><br>SELECCIONE UNA BEBIDA<br><\/a><\/p>\n<h2>Ver la experiencia  <br>antes de que lo sientas.<\/h2>\n<h2>Libro de visitas<\/h2>\n<p>Lea lo que opinan otras personas que se alojan en nuestro hotel<\/p>\n<h2>Eventos<\/h2>\n<p>Organizamos conferencias y fiestas educativas y divertidas<\/p>\n<p><a tabindex=\"-1\" href=\"https:\/\/gast.vamtam.com\/classes\/michael-clarkson-and-his-stories-from-italy\/\"><img decoding=\"async\" src=\"https:\/\/www.hotelfarol.pt\/pt\/wp-content\/uploads\/2017\/04\/photo-17-315x242.jpg\" sizes=\"(min-width: 900px) 50vw, 100vw\" srcset=\"data:image\/svg+xml;utf8,svg%20xmlns=\">&#8221; alt=&#8221;&#8221; width=&#8221;315&#8243; height=&#8221;242&#8243; data-srcset=&#8221;https:\/\/www.hotelfarol.pt\/pt\/wp-content\/uploads\/2017\/04\/photo-17-315&#215;242.jpg 315w, https:\/\/www.hotelfarol.pt\/pt\/wp-content\/uploads\/2017\/04\/photo-17-630&#215;484.jpg 630w, https:\/\/www.hotelfarol.pt\/pt\/wp-content\/uploads\/2017\/04\/photo-17-420&#215;323.jpg 420w, https:\/\/www.hotelfarol.pt\/pt\/wp-content\/uploads\/2017\/04\/photo-17-840&#215;646.jpg 840w&#8221; data-attachment-id=&#8221;17302&#8243; data-permalink=&#8221;https:\/\/gast.vamtam.com\/things-to-do-in-san-francisco\/photo-17\/&#8221; data-orig-file=&#8221;https:\/\/www.hotelfarol.es\/es\/wp-content\/uploads\/2017\/04\/photo-17.jpg&#8221; data-orig-size=&#8221;1300,800&#8243; data-comments-opened=&#8221;1&#8243; data-image-meta=&#8221;{&#8220;aperture&#8221;:&#8221;0&#8243;,&#8221;credit&#8221;:&#8221;&#8221;,&#8221;camera&#8221;:&#8221;&#8221;,&#8221;caption&#8221;:&#8221;&#8221;,&#8221;created_timestamp&#8221;:&#8221;0&#8243;,&#8221;copyright&#8221;:&#8221;&#8221;,&#8221;focal_length&#8221;:&#8221;0&#8243;,&#8221;iso&#8221;:&#8221;0&#8243;,&#8221;shutter_speed&#8221;:&#8221;0&#8243;,&#8221;title&#8221;:&#8221;&#8221;,&#8221;orientation&#8221;:&#8221;0&#8243;}&#8221; data-image-title=&#8221;photo-17&#8243; data-image-description=&#8221;&#8221; data-medium-file=&#8221;https:\/\/www.hotelfarol.es\/es\/wp-content\/uploads\/2017\/04\/photo-17-600&#215;369.jpg&#8221; data-large-file=&#8221;https:\/\/www.hotelfarol.pt\/pt\/wp-content\/uploads\/2017\/04\/photo-17-1224&#215;753.jpg&#8221; \/&gt;<\/a><br>08 Feb<br><\/p>\n<h3><a title=\"Michael Clarkson y sus historias desde Italia\" href=\"https:\/\/gast.vamtam.com\/classes\/michael-clarkson-and-his-stories-from-italy\/\" rel=\"bookmark\"><br>Michael Clarkson y sus historias desde Italia  <\/a><\/h3>\n<p>Descripci\u00f3n Esta banda sueca de indie-pop lamentablemente pas\u00f3 la mayor parte de sus a\u00f1os posteriores al celebrado Clinging to a Scheme de 2010&#8230;<\/p>\n<p><a href=\"https:\/\/gast.vamtam.com\/\">  Ver m\u00e1s \u2192<\/a><br><a tabindex=\"-1\" href=\"https:\/\/gast.vamtam.com\/classes\/natural-environment-conference-2018\/\"><img decoding=\"async\" src=\"https:\/\/www.hotelfarol.pt\/pt\/wp-content\/uploads\/2017\/04\/photo-18-315x242.jpg\" sizes=\"(min-width: 900px) 50vw, 100vw\" srcset=\"data:image\/svg+xml;utf8,svg%20xmlns=\">&#8221; alt=&#8221;&#8221; width=&#8221;315&#8243; height=&#8221;242&#8243; data-srcset=&#8221;https:\/\/www.hotelfarol.pt\/pt\/wp-content\/uploads\/2017\/04\/photo-18-315&#215;242.jpg 315w, https:\/\/www.hotelfarol.pt\/pt\/wp-content\/uploads\/2017\/04\/photo-18-630&#215;484.jpg 630w, https:\/\/www.hotelfarol.pt\/pt\/wp-content\/uploads\/2017\/04\/photo-18-420&#215;323.jpg 420w, https:\/\/www.hotelfarol.pt\/pt\/wp-content\/uploads\/2017\/04\/photo-18-840&#215;646.jpg 840w&#8221; data-attachment-id=&#8221;17303&#8243; data-permalink=&#8221;https:\/\/gast.vamtam.com\/things-to-do-in-san-francisco\/photo-18\/&#8221; data-orig-file=&#8221;https:\/\/www.hotelfarol.es\/es\/wp-content\/uploads\/2017\/04\/photo-18.jpg&#8221; data-orig-size=&#8221;1300,800&#8243; data-comments-opened=&#8221;1&#8243; data-image-meta=&#8221;{&#8220;aperture&#8221;:&#8221;0&#8243;,&#8221;credit&#8221;:&#8221;&#8221;,&#8221;camera&#8221;:&#8221;&#8221;,&#8221;caption&#8221;:&#8221;&#8221;,&#8221;created_timestamp&#8221;:&#8221;0&#8243;,&#8221;copyright&#8221;:&#8221;&#8221;,&#8221;focal_length&#8221;:&#8221;0&#8243;,&#8221;iso&#8221;:&#8221;0&#8243;,&#8221;shutter_speed&#8221;:&#8221;0&#8243;,&#8221;title&#8221;:&#8221;&#8221;,&#8221;orientation&#8221;:&#8221;0&#8243;}&#8221; data-image-title=&#8221;photo-18&#8243; data-image-description=&#8221;&#8221; data-medium-file=&#8221;https:\/\/www.hotelfarol.es\/es\/wp-content\/uploads\/2017\/04\/photo-18-600&#215;369.jpg&#8221; data-large-file=&#8221;https:\/\/www.hotelfarol.pt\/pt\/wp-content\/uploads\/2017\/04\/photo-18-1224&#215;753.jpg&#8221; \/&gt;<\/a><br>12 de abril<br><\/p>\n<h3><a title=\"Conferencia sobre el medio natural 2018\" href=\"https:\/\/gast.vamtam.com\/classes\/natural-environment-conference-2018\/\" rel=\"bookmark\"><br>Conferencia sobre el medio natural 2018  <\/a><\/h3>\n<p>Descripci\u00f3n La cautivadora cantante de punk-cabaret local Shilpa Ray celebra su reciente \u00e1lbum, Door Girl, inspirado en su \u00e9poca de&#8230;<\/p>\n<p><a href=\"https:\/\/gast.vamtam.com\/\">  Ver m\u00e1s \u2192<\/a><br><a tabindex=\"-1\" href=\"https:\/\/gast.vamtam.com\/classes\/san-francisco-pool-party-september\/\"><img decoding=\"async\" src=\"https:\/\/www.hotelfarol.pt\/pt\/wp-content\/uploads\/2017\/04\/photo-10-315x242.jpg\" sizes=\"(min-width: 900px) 50vw, 100vw\" srcset=\"data:image\/svg+xml;utf8,svg%20xmlns=\">&#8221; alt=&#8221;&#8221; width=&#8221;315&#8243; height=&#8221;242&#8243; data-srcset=&#8221;https:\/\/www.hotelfarol.pt\/pt\/wp-content\/uploads\/2017\/04\/photo-10-315&#215;242.jpg 315w, https:\/\/www.hotelfarol.pt\/pt\/wp-content\/uploads\/2017\/04\/photo-10-630&#215;484.jpg 630w, https:\/\/www.hotelfarol.pt\/pt\/wp-content\/uploads\/2017\/04\/photo-10-420&#215;323.jpg 420w, https:\/\/www.hotelfarol.pt\/pt\/wp-content\/uploads\/2017\/04\/photo-10-840&#215;646.jpg 840w&#8221; data-attachment-id=&#8221;17295&#8243; data-permalink=&#8221;https:\/\/gast.vamtam.com\/things-to-do-in-san-francisco\/photo-10\/&#8221; data-orig-file=&#8221;https:\/\/www.hotelfarol.es\/es\/wp-content\/uploads\/2017\/04\/photo-10.jpg&#8221; data-orig-size=&#8221;1300,800&#8243; data-comments-opened=&#8221;1&#8243; data-image-meta=&#8221;{&#8220;aperture&#8221;:&#8221;0&#8243;,&#8221;credit&#8221;:&#8221;&#8221;,&#8221;camera&#8221;:&#8221;&#8221;,&#8221;caption&#8221;:&#8221;&#8221;,&#8221;created_timestamp&#8221;:&#8221;0&#8243;,&#8221;copyright&#8221;:&#8221;&#8221;,&#8221;focal_length&#8221;:&#8221;0&#8243;,&#8221;iso&#8221;:&#8221;0&#8243;,&#8221;shutter_speed&#8221;:&#8221;0&#8243;,&#8221;title&#8221;:&#8221;&#8221;,&#8221;orientation&#8221;:&#8221;0&#8243;}&#8221; data-image-title=&#8221;photo-10&#8243; data-image-description=&#8221;&#8221; data-medium-file=&#8221;https:\/\/www.hotelfarol.es\/es\/wp-content\/uploads\/2017\/04\/photo-10-600&#215;369.jpg&#8221; data-large-file=&#8221;https:\/\/www.hotelfarol.pt\/pt\/wp-content\/uploads\/2017\/04\/photo-10-1224&#215;753.jpg&#8221; \/&gt;<\/a><br>02 Jun<br><\/p>\n<h3><a title=\"San Francisco Pool Party - Septiembre\" href=\"https:\/\/gast.vamtam.com\/classes\/san-francisco-pool-party-september\/\" rel=\"bookmark\"><br>San Francisco Pool Party &#8211; Septiembre  <\/a><\/h3>\n<p>Description Teniendo en cuenta el sonido ferozmente individual de Abot, por no hablar de su&nbsp;ineludible&nbsp;carisma en directo, esperamos&nbsp;que haya muchos m\u00e1s por venir. Ella presenta&#8230;<\/p>\n<p><a href=\"https:\/\/gast.vamtam.com\/\">  Ver m\u00e1s \u2192<\/a><br><a href=\"https:\/\/gast.vamtam.com\/events\/\">Ver eventos anteriores<\/a><\/p>\n<h2>Art\u00edculos<\/h2>\n<p>Lea nuestras \u00faltimas publicaciones<\/p>\n<p><a role=\"button\" href=\"https:\/\/www.hotelfarol.pt\/pt\/noticias\/?lang=es\" target=\"_self\" rel=\"noopener noreferrer\"><br>VER TODOS LOS ART\u00cdCULOS<br><\/a><br><iframe src=\"https:\/\/maps.google.com\/maps?q=237+Fillmore+St%2C+San+Francisco%2C+CA+94117%2C+%D0%A1%D1%8A%D0%B5%D0%B4%D0%B8%D0%BD%D0%B5%D0%BD%D0%B8+%D1%89%D0%B0%D1%82%D0%B8&amp;iwloc=near&amp;output=embed\" height=\"500\" frameborder=\"0\"><\/iframe><\/p>\n<h2>P\u00f3ngase en contacto con nosotros<\/h2>\n<p>Lo que quiera saber, preg\u00fantenos.<\/p>\n<h3>Env\u00edenos un mensaje y nos pondremos en contacto con usted lo antes posible:<\/h3>\n<p><div class=\"wpforms-container \" id=\"wpforms-17222\"><form id=\"wpforms-form-17222\" class=\"wpforms-validate wpforms-form\" data-formid=\"17222\" method=\"post\" enctype=\"multipart\/form-data\" action=\"\/pt\/wp-json\/wp\/v2\/pages\/23458\" data-token=\"19cbbc4f8e6580d9877548dcf8b0b336\" data-token-time=\"1777304191\"><noscript class=\"wpforms-error-noscript\">Please enable JavaScript in your browser to complete this form.<\/noscript><div class=\"wpforms-field-container\"><div id=\"wpforms-17222-field_0-container\" class=\"wpforms-field wpforms-field-name wpforms-one-half wpforms-first\" data-field-id=\"0\"><label class=\"wpforms-field-label\" for=\"wpforms-17222-field_0\">Nome: <span class=\"wpforms-required-label\">*<\/span><\/label><input type=\"text\" id=\"wpforms-17222-field_0\" class=\"wpforms-field-large wpforms-field-required\" name=\"wpforms[fields][0]\" placeholder=\"nome\" required><\/div><div id=\"wpforms-17222-field_4-container\" class=\"wpforms-field wpforms-field-name wpforms-one-half\" data-field-id=\"4\"><label class=\"wpforms-field-label\" for=\"wpforms-17222-field_4\">Empresa:<\/label><input type=\"text\" id=\"wpforms-17222-field_4\" class=\"wpforms-field-large\" name=\"wpforms[fields][4]\" placeholder=\"empresa (se aplicavel)\" ><\/div><div id=\"wpforms-17222-field_1-container\" class=\"wpforms-field wpforms-field-email wpforms-one-half wpforms-first\" data-field-id=\"1\"><label class=\"wpforms-field-label\" for=\"wpforms-17222-field_1\">E-mail: <span class=\"wpforms-required-label\">*<\/span><\/label><input type=\"email\" id=\"wpforms-17222-field_1\" class=\"wpforms-field-large wpforms-field-required\" name=\"wpforms[fields][1]\" placeholder=\"endere\u00e7o de e-mail\" spellcheck=\"false\" required><\/div><div id=\"wpforms-17222-field_5-container\" class=\"wpforms-field wpforms-field-number wpforms-one-half\" data-field-id=\"5\"><label class=\"wpforms-field-label\" for=\"wpforms-17222-field_5\">Telefone:<\/label><input type=\"number\" id=\"wpforms-17222-field_5\" class=\"wpforms-field-large\" name=\"wpforms[fields][5]\" placeholder=\"telefone\" step=\"any\" ><\/div><div id=\"wpforms-17222-field_2-container\" class=\"wpforms-field wpforms-field-textarea wpforms-first\" data-field-id=\"2\"><label class=\"wpforms-field-label\" for=\"wpforms-17222-field_2\">Mensagem:<\/label><textarea id=\"wpforms-17222-field_2\" class=\"wpforms-field-medium\" name=\"wpforms[fields][2]\" placeholder=\"escreva a sua mensagem\" ><\/textarea><\/div><\/div><!-- .wpforms-field-container --><div class=\"wpforms-field wpforms-field-hp\"><label for=\"wpforms-17222-field-hp\" class=\"wpforms-field-label\">Message<\/label><input type=\"text\" name=\"wpforms[hp]\" id=\"wpforms-17222-field-hp\" class=\"wpforms-field-medium\"><\/div><div class=\"wpforms-recaptcha-container wpforms-is-recaptcha wpforms-is-recaptcha-type-v3\" ><input type=\"hidden\" name=\"wpforms[recaptcha]\" value=\"\"><\/div><div class=\"wpforms-submit-container\" ><input type=\"hidden\" name=\"wpforms[id]\" value=\"17222\"><input type=\"hidden\" name=\"page_title\" value=\"\"><input type=\"hidden\" name=\"page_url\" value=\"https:\/\/www.hotelfarol.pt\/pt\/wp-json\/wp\/v2\/pages\/23458\"><input type=\"hidden\" name=\"url_referer\" value=\"\"><button type=\"submit\" name=\"wpforms[submit]\" id=\"wpforms-submit-17222\" class=\"wpforms-submit\" data-alt-text=\"A enviar...\" data-submit-text=\"ENVIAR\" aria-live=\"assertive\" value=\"wpforms-submit\">ENVIAR<\/button><\/div><\/form><\/div>  <!-- .wpforms-container --><\/p>\n<h2>Disfrute de San Francisco como un lugare\u00f1o m\u00e1s<\/h2>\n<p><a role=\"button\" href=\"https:\/\/www.hotelfarol.pt\/pt\/habitaciones\/?lang=es\" target=\"_self\" rel=\"noopener noreferrer\"><br>LIBRO A&nbsp;<\/a><br><\/p>\t\t\t\t\t\t\t\t<\/div>\n\t\t\t\t<\/div>\n\t\t\t\t<div class=\"elementor-element elementor-element-c710777 elementor-widget elementor-widget-google_maps\" data-id=\"c710777\" data-element_type=\"widget\" data-widget_type=\"google_maps.default\">\n\t\t\t\t<div class=\"elementor-widget-container\">\n\t\t\t\t\t\t\t<div class=\"elementor-custom-embed\">\n\t\t\t<iframe loading=\"lazy\"\n\t\t\t\t\tsrc=\"https:\/\/maps.google.com\/maps?q=Largo%20do%20Farol%2C%20Praia%20da%20Barra&#038;t=m&#038;z=15&#038;output=embed&#038;iwloc=near\"\n\t\t\t\t\ttitle=\"Largo do Farol, Praia da Barra\"\n\t\t\t\t\taria-label=\"Largo do Farol, Praia da Barra\"\n\t\t\t><\/iframe>\n\t\t<\/div>\n\t\t\t\t\t\t<\/div>\n\t\t\t\t<\/div>\n\t\t\t\t\t<\/div>\n\t\t<\/div>\n\t\t\t\t\t<\/div>\n\t\t<\/section>\n\t\t\t\t<\/div>\n\t\t","protected":false},"excerpt":{"rendered":"<p>Ocio y negocios cerca del mar Prueba de ocio y negocios cerca del mar RESERVAR UNA HABITACI\u00d3N Habitaciones Elija lo que m\u00e1s le convenga vamtam-theme-circle-post Suite Superior Balc\u00f3n y Vistas&#8230;<\/p>\n","protected":false},"author":1,"featured_media":22488,"parent":0,"menu_order":0,"comment_status":"closed","ping_status":"closed","template":"","meta":{"inline_featured_image":false,"_price":"","_stock":"","_tribe_ticket_header":"","_tribe_default_ticket_provider":"","_tribe_ticket_capacity":"0","_ticket_start_date":"","_ticket_end_date":"","_tribe_ticket_show_description":"","_tribe_ticket_show_not_going":false,"_tribe_ticket_use_global_stock":"","_tribe_ticket_global_stock_level":"","_global_stock_mode":"","_global_stock_cap":"","_tribe_rsvp_for_event":"","_tribe_ticket_going_count":"","_tribe_ticket_not_going_count":"","_tribe_tickets_list":"[]","_tribe_ticket_has_attendee_info_fields":false,"footnotes":""},"class_list":["post-23458","page","type-page","status-publish","has-post-thumbnail","hentry"],"yoast_head":"<!-- This site is optimized with the Yoast SEO plugin v26.5 - https:\/\/yoast.com\/wordpress\/plugins\/seo\/ -->\n<title>Inicio - Hotel - Hotel Farol<\/title>\n<meta name=\"robots\" content=\"index, follow, max-snippet:-1, max-image-preview:large, max-video-preview:-1\" \/>\n<link rel=\"canonical\" href=\"https:\/\/www.hotelfarol.pt\/pt\/inicio-hotel\/\" \/>\n<meta property=\"og:locale\" content=\"pt_PT\" \/>\n<meta property=\"og:type\" content=\"article\" \/>\n<meta property=\"og:title\" content=\"Inicio - Hotel - Hotel Farol\" \/>\n<meta property=\"og:description\" content=\"Ocio y negocios cerca del mar Prueba de ocio y negocios cerca del mar RESERVAR UNA HABITACI\u00d3N Habitaciones Elija lo que m\u00e1s le convenga vamtam-theme-circle-post Suite Superior Balc\u00f3n y Vistas...\" \/>\n<meta property=\"og:url\" content=\"https:\/\/www.hotelfarol.pt\/pt\/inicio-hotel\/?lang=es\" \/>\n<meta property=\"og:site_name\" content=\"Hotel Farol\" \/>\n<meta property=\"article:modified_time\" content=\"2023-03-07T16:59:17+00:00\" \/>\n<meta property=\"og:image\" content=\"https:\/\/www.hotelfarol.pt\/pt\/wp-content\/uploads\/2018\/10\/122.jpg\" \/>\n\t<meta property=\"og:image:width\" content=\"1090\" \/>\n\t<meta property=\"og:image:height\" content=\"804\" \/>\n\t<meta property=\"og:image:type\" content=\"image\/jpeg\" \/>\n<meta name=\"twitter:card\" content=\"summary_large_image\" \/>\n<meta name=\"twitter:label1\" content=\"Tempo estimado de leitura\" \/>\n\t<meta name=\"twitter:data1\" content=\"6 minutos\" \/>\n<script type=\"application\/ld+json\" class=\"yoast-schema-graph\">{\"@context\":\"https:\/\/schema.org\",\"@graph\":[{\"@type\":\"WebPage\",\"@id\":\"https:\/\/www.hotelfarol.pt\/pt\/inicio-hotel\/?lang=es\",\"url\":\"https:\/\/www.hotelfarol.pt\/pt\/inicio-hotel\/?lang=es\",\"name\":\"Inicio - Hotel - Hotel Farol\",\"isPartOf\":{\"@id\":\"https:\/\/www.hotelfarol.pt\/pt\/#website\"},\"primaryImageOfPage\":{\"@id\":\"https:\/\/www.hotelfarol.pt\/pt\/inicio-hotel\/?lang=es#primaryimage\"},\"image\":{\"@id\":\"https:\/\/www.hotelfarol.pt\/pt\/inicio-hotel\/?lang=es#primaryimage\"},\"thumbnailUrl\":\"https:\/\/www.hotelfarol.pt\/pt\/wp-content\/uploads\/2018\/10\/122.jpg\",\"datePublished\":\"2021-02-03T22:38:55+00:00\",\"dateModified\":\"2023-03-07T16:59:17+00:00\",\"breadcrumb\":{\"@id\":\"https:\/\/www.hotelfarol.pt\/pt\/inicio-hotel\/?lang=es#breadcrumb\"},\"inLanguage\":\"pt-PT\",\"potentialAction\":[{\"@type\":\"ReadAction\",\"target\":[\"https:\/\/www.hotelfarol.pt\/pt\/inicio-hotel\/?lang=es\"]}]},{\"@type\":\"ImageObject\",\"inLanguage\":\"pt-PT\",\"@id\":\"https:\/\/www.hotelfarol.pt\/pt\/inicio-hotel\/?lang=es#primaryimage\",\"url\":\"https:\/\/www.hotelfarol.pt\/pt\/wp-content\/uploads\/2018\/10\/122.jpg\",\"contentUrl\":\"https:\/\/www.hotelfarol.pt\/pt\/wp-content\/uploads\/2018\/10\/122.jpg\",\"width\":1090,\"height\":804},{\"@type\":\"BreadcrumbList\",\"@id\":\"https:\/\/www.hotelfarol.pt\/pt\/inicio-hotel\/?lang=es#breadcrumb\",\"itemListElement\":[{\"@type\":\"ListItem\",\"position\":1,\"name\":\"Home\",\"item\":\"https:\/\/www.hotelfarol.pt\/pt\/\"},{\"@type\":\"ListItem\",\"position\":2,\"name\":\"Inicio &#8211; Hotel\"}]},{\"@type\":\"WebSite\",\"@id\":\"https:\/\/www.hotelfarol.pt\/pt\/#website\",\"url\":\"https:\/\/www.hotelfarol.pt\/pt\/\",\"name\":\"Hotel Farol\",\"description\":\"\",\"publisher\":{\"@id\":\"https:\/\/www.hotelfarol.pt\/pt\/#organization\"},\"potentialAction\":[{\"@type\":\"SearchAction\",\"target\":{\"@type\":\"EntryPoint\",\"urlTemplate\":\"https:\/\/www.hotelfarol.pt\/pt\/?s={search_term_string}\"},\"query-input\":{\"@type\":\"PropertyValueSpecification\",\"valueRequired\":true,\"valueName\":\"search_term_string\"}}],\"inLanguage\":\"pt-PT\"},{\"@type\":\"Organization\",\"@id\":\"https:\/\/www.hotelfarol.pt\/pt\/#organization\",\"name\":\"Hotel Farol\",\"url\":\"https:\/\/www.hotelfarol.pt\/pt\/\",\"logo\":{\"@type\":\"ImageObject\",\"inLanguage\":\"pt-PT\",\"@id\":\"https:\/\/www.hotelfarol.pt\/pt\/#\/schema\/logo\/image\/\",\"url\":\"https:\/\/www.hotelfarol.pt\/pt\/wp-content\/uploads\/2020\/11\/cropped-capa-face-hotel-02-1-e1669090868239.png\",\"contentUrl\":\"https:\/\/www.hotelfarol.pt\/pt\/wp-content\/uploads\/2020\/11\/cropped-capa-face-hotel-02-1-e1669090868239.png\",\"width\":150,\"height\":150,\"caption\":\"Hotel Farol\"},\"image\":{\"@id\":\"https:\/\/www.hotelfarol.pt\/pt\/#\/schema\/logo\/image\/\"}}]}<\/script>\n<!-- \/ Yoast SEO plugin. -->","yoast_head_json":{"title":"Inicio - Hotel - Hotel Farol","robots":{"index":"index","follow":"follow","max-snippet":"max-snippet:-1","max-image-preview":"max-image-preview:large","max-video-preview":"max-video-preview:-1"},"canonical":"https:\/\/www.hotelfarol.pt\/pt\/inicio-hotel\/","og_locale":"pt_PT","og_type":"article","og_title":"Inicio - Hotel - Hotel Farol","og_description":"Ocio y negocios cerca del mar Prueba de ocio y negocios cerca del mar RESERVAR UNA HABITACI\u00d3N Habitaciones Elija lo que m\u00e1s le convenga vamtam-theme-circle-post Suite Superior Balc\u00f3n y Vistas...","og_url":"https:\/\/www.hotelfarol.pt\/pt\/inicio-hotel\/?lang=es","og_site_name":"Hotel Farol","article_modified_time":"2023-03-07T16:59:17+00:00","og_image":[{"width":1090,"height":804,"url":"https:\/\/www.hotelfarol.pt\/pt\/wp-content\/uploads\/2018\/10\/122.jpg","type":"image\/jpeg"}],"twitter_card":"summary_large_image","twitter_misc":{"Tempo estimado de leitura":"6 minutos"},"schema":{"@context":"https:\/\/schema.org","@graph":[{"@type":"WebPage","@id":"https:\/\/www.hotelfarol.pt\/pt\/inicio-hotel\/?lang=es","url":"https:\/\/www.hotelfarol.pt\/pt\/inicio-hotel\/?lang=es","name":"Inicio - Hotel - Hotel Farol","isPartOf":{"@id":"https:\/\/www.hotelfarol.pt\/pt\/#website"},"primaryImageOfPage":{"@id":"https:\/\/www.hotelfarol.pt\/pt\/inicio-hotel\/?lang=es#primaryimage"},"image":{"@id":"https:\/\/www.hotelfarol.pt\/pt\/inicio-hotel\/?lang=es#primaryimage"},"thumbnailUrl":"https:\/\/www.hotelfarol.pt\/pt\/wp-content\/uploads\/2018\/10\/122.jpg","datePublished":"2021-02-03T22:38:55+00:00","dateModified":"2023-03-07T16:59:17+00:00","breadcrumb":{"@id":"https:\/\/www.hotelfarol.pt\/pt\/inicio-hotel\/?lang=es#breadcrumb"},"inLanguage":"pt-PT","potentialAction":[{"@type":"ReadAction","target":["https:\/\/www.hotelfarol.pt\/pt\/inicio-hotel\/?lang=es"]}]},{"@type":"ImageObject","inLanguage":"pt-PT","@id":"https:\/\/www.hotelfarol.pt\/pt\/inicio-hotel\/?lang=es#primaryimage","url":"https:\/\/www.hotelfarol.pt\/pt\/wp-content\/uploads\/2018\/10\/122.jpg","contentUrl":"https:\/\/www.hotelfarol.pt\/pt\/wp-content\/uploads\/2018\/10\/122.jpg","width":1090,"height":804},{"@type":"BreadcrumbList","@id":"https:\/\/www.hotelfarol.pt\/pt\/inicio-hotel\/?lang=es#breadcrumb","itemListElement":[{"@type":"ListItem","position":1,"name":"Home","item":"https:\/\/www.hotelfarol.pt\/pt\/"},{"@type":"ListItem","position":2,"name":"Inicio &#8211; Hotel"}]},{"@type":"WebSite","@id":"https:\/\/www.hotelfarol.pt\/pt\/#website","url":"https:\/\/www.hotelfarol.pt\/pt\/","name":"Hotel Farol","description":"","publisher":{"@id":"https:\/\/www.hotelfarol.pt\/pt\/#organization"},"potentialAction":[{"@type":"SearchAction","target":{"@type":"EntryPoint","urlTemplate":"https:\/\/www.hotelfarol.pt\/pt\/?s={search_term_string}"},"query-input":{"@type":"PropertyValueSpecification","valueRequired":true,"valueName":"search_term_string"}}],"inLanguage":"pt-PT"},{"@type":"Organization","@id":"https:\/\/www.hotelfarol.pt\/pt\/#organization","name":"Hotel Farol","url":"https:\/\/www.hotelfarol.pt\/pt\/","logo":{"@type":"ImageObject","inLanguage":"pt-PT","@id":"https:\/\/www.hotelfarol.pt\/pt\/#\/schema\/logo\/image\/","url":"https:\/\/www.hotelfarol.pt\/pt\/wp-content\/uploads\/2020\/11\/cropped-capa-face-hotel-02-1-e1669090868239.png","contentUrl":"https:\/\/www.hotelfarol.pt\/pt\/wp-content\/uploads\/2020\/11\/cropped-capa-face-hotel-02-1-e1669090868239.png","width":150,"height":150,"caption":"Hotel Farol"},"image":{"@id":"https:\/\/www.hotelfarol.pt\/pt\/#\/schema\/logo\/image\/"}}]}},"_links":{"self":[{"href":"https:\/\/www.hotelfarol.pt\/pt\/wp-json\/wp\/v2\/pages\/23458","targetHints":{"allow":["GET"]}}],"collection":[{"href":"https:\/\/www.hotelfarol.pt\/pt\/wp-json\/wp\/v2\/pages"}],"about":[{"href":"https:\/\/www.hotelfarol.pt\/pt\/wp-json\/wp\/v2\/types\/page"}],"author":[{"embeddable":true,"href":"https:\/\/www.hotelfarol.pt\/pt\/wp-json\/wp\/v2\/users\/1"}],"replies":[{"embeddable":true,"href":"https:\/\/www.hotelfarol.pt\/pt\/wp-json\/wp\/v2\/comments?post=23458"}],"version-history":[{"count":2,"href":"https:\/\/www.hotelfarol.pt\/pt\/wp-json\/wp\/v2\/pages\/23458\/revisions"}],"predecessor-version":[{"id":23460,"href":"https:\/\/www.hotelfarol.pt\/pt\/wp-json\/wp\/v2\/pages\/23458\/revisions\/23460"}],"wp:featuredmedia":[{"embeddable":true,"href":"https:\/\/www.hotelfarol.pt\/pt\/wp-json\/wp\/v2\/media\/22488"}],"wp:attachment":[{"href":"https:\/\/www.hotelfarol.pt\/pt\/wp-json\/wp\/v2\/media?parent=23458"}],"curies":[{"name":"wp","href":"https:\/\/api.w.org\/{rel}","templated":true}]}}